{"id":21606,"date":"2026-04-15T09:17:41","date_gmt":"2026-04-15T09:17:41","guid":{"rendered":"https:\/\/corp.ametllerorigen.com\/blog-2\/"},"modified":"2026-04-15T09:29:14","modified_gmt":"2026-04-15T09:29:14","slug":"blog","status":"publish","type":"page","link":"https:\/\/corp.ametllerorigen.com\/es\/blog\/","title":{"rendered":"Blog"},"content":{"rendered":"\t\t<div data-elementor-type=\"wp-page\" data-elementor-id=\"21606\" class=\"elementor elementor-21606 elementor-21595\" data-elementor-post-type=\"page\">\n\t\t\t\t<div class=\"elementor-element elementor-element-70fb692a e-flex e-con-boxed e-con e-parent\" data-id=\"70fb692a\" data-element_type=\"container\">\n\t\t\t\t\t<div class=\"e-con-inner\">\n\t\t\t\t<div class=\"elementor-element elementor-element-3c17d214 elementor-grid-3 elementor-grid-tablet-2 elementor-grid-mobile-1 elementor-posts--thumbnail-top elementor-widget elementor-widget-posts\" data-id=\"3c17d214\" data-element_type=\"widget\" data-settings=\"{&quot;pagination_type&quot;:&quot;numbers_and_prev_next&quot;,&quot;classic_columns&quot;:&quot;3&quot;,&quot;classic_columns_tablet&quot;:&quot;2&quot;,&quot;classic_columns_mobile&quot;:&quot;1&quot;,&quot;classic_row_gap&quot;:{&quot;unit&quot;:&quot;px&quot;,&quot;size&quot;:35,&quot;sizes&quot;:[]},&quot;classic_row_gap_laptop&quot;:{&quot;unit&quot;:&quot;px&quot;,&quot;size&quot;:&quot;&quot;,&quot;sizes&quot;:[]},&quot;classic_row_gap_tablet_extra&quot;:{&quot;unit&quot;:&quot;px&quot;,&quot;size&quot;:&quot;&quot;,&quot;sizes&quot;:[]},&quot;classic_row_gap_tablet&quot;:{&quot;unit&quot;:&quot;px&quot;,&quot;size&quot;:&quot;&quot;,&quot;sizes&quot;:[]},&quot;classic_row_gap_mobile&quot;:{&quot;unit&quot;:&quot;px&quot;,&quot;size&quot;:&quot;&quot;,&quot;sizes&quot;:[]}}\" data-widget_type=\"posts.classic\">\n\t\t\t\t<div class=\"elementor-widget-container\">\n\t\t\t\t\t\t\t<div class=\"elementor-posts-container elementor-posts elementor-posts--skin-classic elementor-grid\" role=\"list\">\n\t\t\t\t<article class=\"elementor-post elementor-grid-item post-21469 post type-post status-publish format-standard has-post-thumbnail hentry category-noticias category-sostenibilidad\" role=\"listitem\">\n\t\t\t\t<a class=\"elementor-post__thumbnail__link\" href=\"https:\/\/corp.ametllerorigen.com\/es\/noticias\/sostenibilidad\/floracion-sostenible-en-nuestros-campos-campoamor-de-murcia-cuenta-con-la-certificacion-leaf\/\" tabindex=\"-1\" >\n\t\t\t<div class=\"elementor-post__thumbnail\"><img fetchpriority=\"high\" decoding=\"async\" width=\"768\" height=\"1024\" src=\"https:\/\/corp.ametllerorigen.com\/wp-content\/uploads\/2026\/03\/Foto-floracion-CPM-El-Hornillo-2026-768x1024.jpeg\" class=\"attachment-large size-large wp-image-21467\" alt=\"\" srcset=\"https:\/\/corp.ametllerorigen.com\/wp-content\/uploads\/2026\/03\/Foto-floracion-CPM-El-Hornillo-2026-768x1024.jpeg 768w, https:\/\/corp.ametllerorigen.com\/wp-content\/uploads\/2026\/03\/Foto-floracion-CPM-El-Hornillo-2026-225x300.jpeg 225w, https:\/\/corp.ametllerorigen.com\/wp-content\/uploads\/2026\/03\/Foto-floracion-CPM-El-Hornillo-2026-1152x1536.jpeg 1152w, https:\/\/corp.ametllerorigen.com\/wp-content\/uploads\/2026\/03\/Foto-floracion-CPM-El-Hornillo-2026.jpeg 1530w\" sizes=\"(max-width: 768px) 100vw, 768px\" \/><\/div>\n\t\t<\/a>\n\t\t\t\t<div class=\"elementor-post__text\">\n\t\t\t\t<h3 class=\"elementor-post__title\">\n\t\t\t<a href=\"https:\/\/corp.ametllerorigen.com\/es\/noticias\/sostenibilidad\/floracion-sostenible-en-nuestros-campos-campoamor-de-murcia-cuenta-con-la-certificacion-leaf\/\" >\n\t\t\t\tFloraci\u00f3n sostenible en nuestros campos: Campoamor de Murcia cuenta con la certificaci\u00f3n LEAF\t\t\t<\/a>\n\t\t<\/h3>\n\t\t\t\t<div class=\"elementor-post__excerpt\">\n\t\t\t<p>La primavera ha llegado a las fincas de Campoamor de Murcia, S.L., en Jumilla, y con ella uno de los momentos m\u00e1s especiales del a\u00f1o: la floraci\u00f3n de los \u00e1rboles de fruta de hueso. Melocotoneros, nectarinos, albaricoqueros y ciruelos se llenan de flores, creando un espect\u00e1culo de colores y aromas\u2026 \u00a1y de vida! Durante esta<\/p>\n\t\t<\/div>\n\t\t\n\t\t<a class=\"elementor-post__read-more\" href=\"https:\/\/corp.ametllerorigen.com\/es\/noticias\/sostenibilidad\/floracion-sostenible-en-nuestros-campos-campoamor-de-murcia-cuenta-con-la-certificacion-leaf\/\" aria-label=\"M\u00e1s informaci\u00f3n sobre Floraci\u00f3n sostenible en nuestros campos: Campoamor de Murcia cuenta con la certificaci\u00f3n LEAF\" tabindex=\"-1\" >\n\t\t\tLeer m\u00e1s \u00bb\t\t<\/a>\n\n\t\t\t\t<\/div>\n\t\t\t\t<\/article>\n\t\t\t\t<article class=\"elementor-post elementor-grid-item post-20519 post type-post status-publish format-standard has-post-thumbnail hentry category-alimentacio-saludable category-noticias\" role=\"listitem\">\n\t\t\t\t<a class=\"elementor-post__thumbnail__link\" href=\"https:\/\/corp.ametllerorigen.com\/es\/noticias\/cuidar-se-menjant-bledes\/\" tabindex=\"-1\" >\n\t\t\t<div class=\"elementor-post__thumbnail\"><img decoding=\"async\" width=\"800\" height=\"800\" src=\"https:\/\/corp.ametllerorigen.com\/wp-content\/uploads\/2026\/01\/bledes-extra-manat-1024x1024.jpg\" class=\"attachment-large size-large wp-image-20391\" alt=\"\" srcset=\"https:\/\/corp.ametllerorigen.com\/wp-content\/uploads\/2026\/01\/bledes-extra-manat-1024x1024.jpg 1024w, https:\/\/corp.ametllerorigen.com\/wp-content\/uploads\/2026\/01\/bledes-extra-manat-300x300.jpg 300w, https:\/\/corp.ametllerorigen.com\/wp-content\/uploads\/2026\/01\/bledes-extra-manat-150x150.jpg 150w, https:\/\/corp.ametllerorigen.com\/wp-content\/uploads\/2026\/01\/bledes-extra-manat-768x768.jpg 768w, https:\/\/corp.ametllerorigen.com\/wp-content\/uploads\/2026\/01\/bledes-extra-manat-1536x1536.jpg 1536w, https:\/\/corp.ametllerorigen.com\/wp-content\/uploads\/2026\/01\/bledes-extra-manat-2048x2048.jpg 2048w\" sizes=\"(max-width: 800px) 100vw, 800px\" \/><\/div>\n\t\t<\/a>\n\t\t\t\t<div class=\"elementor-post__text\">\n\t\t\t\t<h3 class=\"elementor-post__title\">\n\t\t\t<a href=\"https:\/\/corp.ametllerorigen.com\/es\/noticias\/cuidar-se-menjant-bledes\/\" >\n\t\t\t\tCuidarse comiendo acelgas\t\t\t<\/a>\n\t\t<\/h3>\n\t\t\t\t<div class=\"elementor-post__excerpt\">\n\t\t\t<p>Vivimos en la era de la inmediatez. Si nos sentimos cansados, buscamos una pastilla. Si queremos mejorar las defensas, compramos un bote de vitaminas. Pero no nos malinterpret\u00e9is, \u00a1los complementos alimenticios tienen su funci\u00f3n y pueden ser de gran ayuda! En Ametller Origen no estamos en contra de la ciencia, pero s\u00ed que creemos en<\/p>\n\t\t<\/div>\n\t\t\n\t\t<a class=\"elementor-post__read-more\" href=\"https:\/\/corp.ametllerorigen.com\/es\/noticias\/cuidar-se-menjant-bledes\/\" aria-label=\"M\u00e1s informaci\u00f3n sobre Cuidarse comiendo acelgas\" tabindex=\"-1\" >\n\t\t\tLeer m\u00e1s \u00bb\t\t<\/a>\n\n\t\t\t\t<\/div>\n\t\t\t\t<\/article>\n\t\t\t\t<article class=\"elementor-post elementor-grid-item post-20506 post type-post status-publish format-standard has-post-thumbnail hentry category-alimentacio-saludable category-noticias\" role=\"listitem\">\n\t\t\t\t<a class=\"elementor-post__thumbnail__link\" href=\"https:\/\/corp.ametllerorigen.com\/es\/noticias\/com-allarguem-la-temporada-de-les-carxofes\/\" tabindex=\"-1\" >\n\t\t\t<div class=\"elementor-post__thumbnail\"><img decoding=\"async\" width=\"523\" height=\"349\" src=\"https:\/\/corp.ametllerorigen.com\/wp-content\/uploads\/2026\/01\/cc.png\" class=\"attachment-large size-large wp-image-20387\" alt=\"\" srcset=\"https:\/\/corp.ametllerorigen.com\/wp-content\/uploads\/2026\/01\/cc.png 523w, https:\/\/corp.ametllerorigen.com\/wp-content\/uploads\/2026\/01\/cc-300x200.png 300w\" sizes=\"(max-width: 523px) 100vw, 523px\" \/><\/div>\n\t\t<\/a>\n\t\t\t\t<div class=\"elementor-post__text\">\n\t\t\t\t<h3 class=\"elementor-post__title\">\n\t\t\t<a href=\"https:\/\/corp.ametllerorigen.com\/es\/noticias\/com-allarguem-la-temporada-de-les-carxofes\/\" >\n\t\t\t\tC\u00f3mo alargamos la temporada de las alcachofas\t\t\t<\/a>\n\t\t<\/h3>\n\t\t\t\t<div class=\"elementor-post__excerpt\">\n\t\t\t<p>Si hay una verdad inc\u00f3moda en la agricultura es esta: no podemos tener de todo durante todo el a\u00f1o. Al menos, no si queremos ser honestos con la tierra y con el sabor. La naturaleza tiene sus ciclos, y querer ir en contra de ellos suele significar perder calidad o abusar de procesos artificiales.&nbsp; Para<\/p>\n\t\t<\/div>\n\t\t\n\t\t<a class=\"elementor-post__read-more\" href=\"https:\/\/corp.ametllerorigen.com\/es\/noticias\/com-allarguem-la-temporada-de-les-carxofes\/\" aria-label=\"M\u00e1s informaci\u00f3n sobre C\u00f3mo alargamos la temporada de las alcachofas\" tabindex=\"-1\" >\n\t\t\tLeer m\u00e1s \u00bb\t\t<\/a>\n\n\t\t\t\t<\/div>\n\t\t\t\t<\/article>\n\t\t\t\t<article class=\"elementor-post elementor-grid-item post-20492 post type-post status-publish format-standard has-post-thumbnail hentry category-alimentacio-saludable category-noticias\" role=\"listitem\">\n\t\t\t\t<a class=\"elementor-post__thumbnail__link\" href=\"https:\/\/corp.ametllerorigen.com\/es\/noticias\/el-secret-del-sabor-de-les-taronges\/\" tabindex=\"-1\" >\n\t\t\t<div class=\"elementor-post__thumbnail\"><img loading=\"lazy\" decoding=\"async\" width=\"480\" height=\"640\" src=\"https:\/\/corp.ametllerorigen.com\/wp-content\/uploads\/2026\/01\/image-5-e1770205838216.png\" class=\"attachment-large size-large wp-image-20637\" alt=\"\" \/><\/div>\n\t\t<\/a>\n\t\t\t\t<div class=\"elementor-post__text\">\n\t\t\t\t<h3 class=\"elementor-post__title\">\n\t\t\t<a href=\"https:\/\/corp.ametllerorigen.com\/es\/noticias\/el-secret-del-sabor-de-les-taronges\/\" >\n\t\t\t\tEl secreto del sabor de nuestras naranjas\t\t\t<\/a>\n\t\t<\/h3>\n\t\t\t\t<div class=\"elementor-post__excerpt\">\n\t\t\t<p>El secreto del sabor de las naranjas A menudo, nos preguntan cu\u00e1l es el secreto para que nuestras naranjas tengan ese sabor tan intenso, ese que te recuerda a las de toda la vida. La respuesta corta es que no hay secretos, hay decisiones. Para nosotros, tener los pies en el suelo significa priorizar lo<\/p>\n\t\t<\/div>\n\t\t\n\t\t<a class=\"elementor-post__read-more\" href=\"https:\/\/corp.ametllerorigen.com\/es\/noticias\/el-secret-del-sabor-de-les-taronges\/\" aria-label=\"M\u00e1s informaci\u00f3n sobre El secreto del sabor de nuestras naranjas\" tabindex=\"-1\" >\n\t\t\tLeer m\u00e1s \u00bb\t\t<\/a>\n\n\t\t\t\t<\/div>\n\t\t\t\t<\/article>\n\t\t\t\t<article class=\"elementor-post elementor-grid-item post-11207 post type-post status-publish format-standard has-post-thumbnail hentry category-alimentacion-saludable category-noticias category-nutrientes\" role=\"listitem\">\n\t\t\t\t<a class=\"elementor-post__thumbnail__link\" href=\"https:\/\/corp.ametllerorigen.com\/es\/noticias\/tomate-de-rama-el-mejor-para-tus-gazpachos-2\/\" tabindex=\"-1\" >\n\t\t\t<div class=\"elementor-post__thumbnail\"><img loading=\"lazy\" decoding=\"async\" width=\"800\" height=\"480\" src=\"https:\/\/corp.ametllerorigen.com\/wp-content\/uploads\/2023\/08\/blog_tomaquet_branca-1024x614.jpg\" class=\"attachment-large size-large wp-image-11204\" alt=\"\" srcset=\"https:\/\/corp.ametllerorigen.com\/wp-content\/uploads\/2023\/08\/blog_tomaquet_branca-1024x614.jpg 1024w, https:\/\/corp.ametllerorigen.com\/wp-content\/uploads\/2023\/08\/blog_tomaquet_branca-300x180.jpg 300w, https:\/\/corp.ametllerorigen.com\/wp-content\/uploads\/2023\/08\/blog_tomaquet_branca-768x461.jpg 768w, https:\/\/corp.ametllerorigen.com\/wp-content\/uploads\/2023\/08\/blog_tomaquet_branca.jpg 1200w\" sizes=\"(max-width: 800px) 100vw, 800px\" \/><\/div>\n\t\t<\/a>\n\t\t\t\t<div class=\"elementor-post__text\">\n\t\t\t\t<h3 class=\"elementor-post__title\">\n\t\t\t<a href=\"https:\/\/corp.ametllerorigen.com\/es\/noticias\/tomate-de-rama-el-mejor-para-tus-gazpachos-2\/\" >\n\t\t\t\tTomate de rama, el mejor para tus gazpachos\t\t\t<\/a>\n\t\t<\/h3>\n\t\t\t\t<div class=\"elementor-post__excerpt\">\n\t\t\t<p>Si hay un tomate ideal para preparar gazpacho, este es, sin duda, el tomate de rama. Una variedad m\u00e1s que conocida y deliciosa que har\u00e1 que tus gazpachos sean los m\u00e1s buenos del mundo. \u00bfQuieres saber por qu\u00e9 esta variedad es tan buena? \u00a1Te lo contamos! 4 caracter\u00edsticas de esta variedad Forma regular: de tama\u00f1o<\/p>\n\t\t<\/div>\n\t\t\n\t\t<a class=\"elementor-post__read-more\" href=\"https:\/\/corp.ametllerorigen.com\/es\/noticias\/tomate-de-rama-el-mejor-para-tus-gazpachos-2\/\" aria-label=\"M\u00e1s informaci\u00f3n sobre Tomate de rama, el mejor para tus gazpachos\" tabindex=\"-1\" >\n\t\t\tLeer m\u00e1s \u00bb\t\t<\/a>\n\n\t\t\t\t<\/div>\n\t\t\t\t<\/article>\n\t\t\t\t<article class=\"elementor-post elementor-grid-item post-15532 post type-post status-publish format-standard has-post-thumbnail hentry category-alimentacion-saludable category-noticias\" role=\"listitem\">\n\t\t\t\t<a class=\"elementor-post__thumbnail__link\" href=\"https:\/\/corp.ametllerorigen.com\/es\/noticias\/sabes-cuales-son-las-frutas-de-hueso-mas-conocidas\/\" tabindex=\"-1\" >\n\t\t\t<div class=\"elementor-post__thumbnail\"><img loading=\"lazy\" decoding=\"async\" width=\"800\" height=\"480\" src=\"https:\/\/corp.ametllerorigen.com\/wp-content\/uploads\/2024\/06\/Proyecto-nuevo-39-1024x614.jpg\" class=\"attachment-large size-large wp-image-15501\" alt=\"\" srcset=\"https:\/\/corp.ametllerorigen.com\/wp-content\/uploads\/2024\/06\/Proyecto-nuevo-39-1024x614.jpg 1024w, https:\/\/corp.ametllerorigen.com\/wp-content\/uploads\/2024\/06\/Proyecto-nuevo-39-300x180.jpg 300w, https:\/\/corp.ametllerorigen.com\/wp-content\/uploads\/2024\/06\/Proyecto-nuevo-39-768x461.jpg 768w, https:\/\/corp.ametllerorigen.com\/wp-content\/uploads\/2024\/06\/Proyecto-nuevo-39.jpg 1200w\" sizes=\"(max-width: 800px) 100vw, 800px\" \/><\/div>\n\t\t<\/a>\n\t\t\t\t<div class=\"elementor-post__text\">\n\t\t\t\t<h3 class=\"elementor-post__title\">\n\t\t\t<a href=\"https:\/\/corp.ametllerorigen.com\/es\/noticias\/sabes-cuales-son-las-frutas-de-hueso-mas-conocidas\/\" >\n\t\t\t\t\u00bfSabes cu\u00e1les son las frutas de hueso m\u00e1s conocidas?\t\t\t<\/a>\n\t\t<\/h3>\n\t\t\t\t<div class=\"elementor-post__excerpt\">\n\t\t\t<p>Ya tenemos aqu\u00ed el verano y esto es sin\u00f3nimo de la mejor fruta dulce o fruta de hueso: melocotones, nectarina, paraguayos, albaricoques o ciruelas. \u00bfCu\u00e1l es tu preferida? A continuaci\u00f3n damos un repaso porque las puedas disfrutar todas. \u00a1Vamos all\u00e1! Las frutas de hueso m\u00e1s famosas Melocot\u00f3n: La fruta de hueso por excelencia: de forma<\/p>\n\t\t<\/div>\n\t\t\n\t\t<a class=\"elementor-post__read-more\" href=\"https:\/\/corp.ametllerorigen.com\/es\/noticias\/sabes-cuales-son-las-frutas-de-hueso-mas-conocidas\/\" aria-label=\"M\u00e1s informaci\u00f3n sobre \u00bfSabes cu\u00e1les son las frutas de hueso m\u00e1s conocidas?\" tabindex=\"-1\" >\n\t\t\tLeer m\u00e1s \u00bb\t\t<\/a>\n\n\t\t\t\t<\/div>\n\t\t\t\t<\/article>\n\t\t\t\t<article class=\"elementor-post elementor-grid-item post-7647 post type-post status-publish format-standard has-post-thumbnail hentry category-alimentacion-saludable category-noticias category-nutrientes\" role=\"listitem\">\n\t\t\t\t<a class=\"elementor-post__thumbnail__link\" href=\"https:\/\/corp.ametllerorigen.com\/es\/noticias\/melocoton-de-vina-dulces-carnosos\/\" tabindex=\"-1\" >\n\t\t\t<div class=\"elementor-post__thumbnail\"><img loading=\"lazy\" decoding=\"async\" width=\"800\" height=\"480\" src=\"https:\/\/corp.ametllerorigen.com\/wp-content\/uploads\/2022\/07\/IMG_8869-1024x614.jpg\" class=\"attachment-large size-large wp-image-7648\" alt=\"melocot\u00f3n de vi\u00f1a\" srcset=\"https:\/\/corp.ametllerorigen.com\/wp-content\/uploads\/2022\/07\/IMG_8869-1024x614.jpg 1024w, https:\/\/corp.ametllerorigen.com\/wp-content\/uploads\/2022\/07\/IMG_8869-300x180.jpg 300w, https:\/\/corp.ametllerorigen.com\/wp-content\/uploads\/2022\/07\/IMG_8869-768x461.jpg 768w, https:\/\/corp.ametllerorigen.com\/wp-content\/uploads\/2022\/07\/IMG_8869.jpg 1200w\" sizes=\"(max-width: 800px) 100vw, 800px\" \/><\/div>\n\t\t<\/a>\n\t\t\t\t<div class=\"elementor-post__text\">\n\t\t\t\t<h3 class=\"elementor-post__title\">\n\t\t\t<a href=\"https:\/\/corp.ametllerorigen.com\/es\/noticias\/melocoton-de-vina-dulces-carnosos\/\" >\n\t\t\t\tDulces y carnosos, as\u00ed son nuestros melocotones de vi\u00f1a de cosecha propia\t\t\t<\/a>\n\t\t<\/h3>\n\t\t\t\t<div class=\"elementor-post__excerpt\">\n\t\t\t<p>Si eres fan del melocot\u00f3n, estamos seguros de que te encantar\u00e1 el melocot\u00f3n de vi\u00f1a. De pulpa carnosa, firme y consistente, esta variedad de color amarillo y piel vellosa, es una aut\u00e9ntica delicia para el paladar. \u00bfQuieres saber todos los secretos de este melocot\u00f3n? \u00a1Sigue leyendo! Caracter\u00edsticas del melocot\u00f3n de vi\u00f1a Como te hemos avanzado,<\/p>\n\t\t<\/div>\n\t\t\n\t\t<a class=\"elementor-post__read-more\" href=\"https:\/\/corp.ametllerorigen.com\/es\/noticias\/melocoton-de-vina-dulces-carnosos\/\" aria-label=\"M\u00e1s informaci\u00f3n sobre Dulces y carnosos, as\u00ed son nuestros melocotones de vi\u00f1a de cosecha propia\" tabindex=\"-1\" >\n\t\t\tLeer m\u00e1s \u00bb\t\t<\/a>\n\n\t\t\t\t<\/div>\n\t\t\t\t<\/article>\n\t\t\t\t<article class=\"elementor-post elementor-grid-item post-10473 post type-post status-publish format-standard has-post-thumbnail hentry category-alimentacion-saludable category-noticias category-nutrientes\" role=\"listitem\">\n\t\t\t\t<a class=\"elementor-post__thumbnail__link\" href=\"https:\/\/corp.ametllerorigen.com\/es\/noticias\/que-tipo-de-fruta-es-la-nectarina\/\" tabindex=\"-1\" >\n\t\t\t<div class=\"elementor-post__thumbnail\"><img loading=\"lazy\" decoding=\"async\" width=\"800\" height=\"480\" src=\"https:\/\/corp.ametllerorigen.com\/wp-content\/uploads\/2023\/06\/blog_nectarina-1024x614.jpg\" class=\"attachment-large size-large wp-image-10474\" alt=\"\" srcset=\"https:\/\/corp.ametllerorigen.com\/wp-content\/uploads\/2023\/06\/blog_nectarina-1024x614.jpg 1024w, https:\/\/corp.ametllerorigen.com\/wp-content\/uploads\/2023\/06\/blog_nectarina-300x180.jpg 300w, https:\/\/corp.ametllerorigen.com\/wp-content\/uploads\/2023\/06\/blog_nectarina-768x461.jpg 768w, https:\/\/corp.ametllerorigen.com\/wp-content\/uploads\/2023\/06\/blog_nectarina.jpg 1200w\" sizes=\"(max-width: 800px) 100vw, 800px\" \/><\/div>\n\t\t<\/a>\n\t\t\t\t<div class=\"elementor-post__text\">\n\t\t\t\t<h3 class=\"elementor-post__title\">\n\t\t\t<a href=\"https:\/\/corp.ametllerorigen.com\/es\/noticias\/que-tipo-de-fruta-es-la-nectarina\/\" >\n\t\t\t\t\u00bfQu\u00e9 tipo de fruta es la nectarina?\t\t\t<\/a>\n\t\t<\/h3>\n\t\t\t\t<div class=\"elementor-post__excerpt\">\n\t\t\t<p>De forma redonda, pulpa jugosa y muy parecida al melocot\u00f3n, la nectarina es una de las frutas de hueso m\u00e1s famosas de la temporada. De todos modos, si te preguntamos de qu\u00e9 tipo de fruta se trata, \u00bfnos lo sabr\u00edas decir? \u00bfEs una variedad de melocot\u00f3n o un injerto entre dos frutas? No te vamos<\/p>\n\t\t<\/div>\n\t\t\n\t\t<a class=\"elementor-post__read-more\" href=\"https:\/\/corp.ametllerorigen.com\/es\/noticias\/que-tipo-de-fruta-es-la-nectarina\/\" aria-label=\"M\u00e1s informaci\u00f3n sobre \u00bfQu\u00e9 tipo de fruta es la nectarina?\" tabindex=\"-1\" >\n\t\t\tLeer m\u00e1s \u00bb\t\t<\/a>\n\n\t\t\t\t<\/div>\n\t\t\t\t<\/article>\n\t\t\t\t<article class=\"elementor-post elementor-grid-item post-2474 post type-post status-publish format-standard has-post-thumbnail hentry category-noticias category-propiedades\" role=\"listitem\">\n\t\t\t\t<a class=\"elementor-post__thumbnail__link\" href=\"https:\/\/corp.ametllerorigen.com\/es\/noticias\/propiedades\/descubre-los-beneficios-que-te-aporta-el-melocoton\/\" tabindex=\"-1\" >\n\t\t\t<div class=\"elementor-post__thumbnail\"><img loading=\"lazy\" decoding=\"async\" width=\"800\" height=\"480\" src=\"https:\/\/corp.ametllerorigen.com\/wp-content\/uploads\/2021\/06\/melocotones-1024x614.jpg\" class=\"attachment-large size-large wp-image-3315\" alt=\"\" srcset=\"https:\/\/corp.ametllerorigen.com\/wp-content\/uploads\/2021\/06\/melocotones-1024x614.jpg 1024w, https:\/\/corp.ametllerorigen.com\/wp-content\/uploads\/2021\/06\/melocotones-300x180.jpg 300w, https:\/\/corp.ametllerorigen.com\/wp-content\/uploads\/2021\/06\/melocotones-768x461.jpg 768w, https:\/\/corp.ametllerorigen.com\/wp-content\/uploads\/2021\/06\/melocotones.jpg 1200w\" sizes=\"(max-width: 800px) 100vw, 800px\" \/><\/div>\n\t\t<\/a>\n\t\t\t\t<div class=\"elementor-post__text\">\n\t\t\t\t<h3 class=\"elementor-post__title\">\n\t\t\t<a href=\"https:\/\/corp.ametllerorigen.com\/es\/noticias\/propiedades\/descubre-los-beneficios-que-te-aporta-el-melocoton\/\" >\n\t\t\t\t\u00bfQu\u00e9 propiedades tiene el melocot\u00f3n?\t\t\t<\/a>\n\t\t<\/h3>\n\t\t\t\t<div class=\"elementor-post__excerpt\">\n\t\t\t<p>\u00a1Dulces, jugosos y refrescantes! Ha llegado la hora de disfrutar de una de las frutas m\u00e1s esperadas del verano: \u00a1el melocot\u00f3n! Esta fruta dulce de temporada te aporta minerales como el potasio, que contribuye al buen funcionamiento de tu sistema nervioso y los m\u00fasculos. Asimismo, destaca su contenido en vitamina C: un melocot\u00f3n te aporta<\/p>\n\t\t<\/div>\n\t\t\n\t\t<a class=\"elementor-post__read-more\" href=\"https:\/\/corp.ametllerorigen.com\/es\/noticias\/propiedades\/descubre-los-beneficios-que-te-aporta-el-melocoton\/\" aria-label=\"M\u00e1s informaci\u00f3n sobre \u00bfQu\u00e9 propiedades tiene el melocot\u00f3n?\" tabindex=\"-1\" >\n\t\t\tLeer m\u00e1s \u00bb\t\t<\/a>\n\n\t\t\t\t<\/div>\n\t\t\t\t<\/article>\n\t\t\t\t<article class=\"elementor-post elementor-grid-item post-7711 post type-post status-publish format-standard has-post-thumbnail hentry category-alimentacion-saludable category-noticias category-nutrientes\" role=\"listitem\">\n\t\t\t\t<a class=\"elementor-post__thumbnail__link\" href=\"https:\/\/corp.ametllerorigen.com\/es\/noticias\/cual-es-el-origen-del-gazpacho\/\" tabindex=\"-1\" >\n\t\t\t<div class=\"elementor-post__thumbnail\"><img loading=\"lazy\" decoding=\"async\" width=\"800\" height=\"480\" src=\"https:\/\/corp.ametllerorigen.com\/wp-content\/uploads\/2022\/08\/Gaspatxo-1024x614.jpg\" class=\"attachment-large size-large wp-image-7712\" alt=\"gazpacho\" srcset=\"https:\/\/corp.ametllerorigen.com\/wp-content\/uploads\/2022\/08\/Gaspatxo-1024x614.jpg 1024w, https:\/\/corp.ametllerorigen.com\/wp-content\/uploads\/2022\/08\/Gaspatxo-300x180.jpg 300w, https:\/\/corp.ametllerorigen.com\/wp-content\/uploads\/2022\/08\/Gaspatxo-768x461.jpg 768w, https:\/\/corp.ametllerorigen.com\/wp-content\/uploads\/2022\/08\/Gaspatxo.jpg 1200w\" sizes=\"(max-width: 800px) 100vw, 800px\" \/><\/div>\n\t\t<\/a>\n\t\t\t\t<div class=\"elementor-post__text\">\n\t\t\t\t<h3 class=\"elementor-post__title\">\n\t\t\t<a href=\"https:\/\/corp.ametllerorigen.com\/es\/noticias\/cual-es-el-origen-del-gazpacho\/\" >\n\t\t\t\t\u00bfCu\u00e1l es el origen del gazpacho?\t\t\t<\/a>\n\t\t<\/h3>\n\t\t\t\t<div class=\"elementor-post__excerpt\">\n\t\t\t<p>Refrescante, nutritivo y f\u00e1cil de preparar: estamos hablando del gazpacho. Y es que no se nos ocurre mejor plato para los d\u00edas calurosos que un buen vaso de gazpacho fresquito. En el siguiente post te contamos cu\u00e1l es el origen de este plato, algunas curiosidades y por qu\u00e9 es tan saludable. \u00a1Refr\u00e9scate con un buen<\/p>\n\t\t<\/div>\n\t\t\n\t\t<a class=\"elementor-post__read-more\" href=\"https:\/\/corp.ametllerorigen.com\/es\/noticias\/cual-es-el-origen-del-gazpacho\/\" aria-label=\"M\u00e1s informaci\u00f3n sobre \u00bfCu\u00e1l es el origen del gazpacho?\" tabindex=\"-1\" >\n\t\t\tLeer m\u00e1s \u00bb\t\t<\/a>\n\n\t\t\t\t<\/div>\n\t\t\t\t<\/article>\n\t\t\t\t<\/div>\n\t\t\n\t\t\t\t<div class=\"e-load-more-anchor\" data-page=\"1\" data-max-page=\"25\" data-next-page=\"https:\/\/corp.ametllerorigen.com\/es\/wp-json\/wp\/v2\/pages\/21606\/page\/2\/\"><\/div>\n\t\t\t\t<nav class=\"elementor-pagination\" aria-label=\"Paginaci\u00f3n\">\n\t\t\t<span class=\"page-numbers prev\">\u2039<\/span>\n<span aria-current=\"page\" class=\"page-numbers current\"><span class=\"elementor-screen-only\">P\u00e1gina<\/span>1<\/span>\n<a class=\"page-numbers\" href=\"https:\/\/corp.ametllerorigen.com\/es\/wp-json\/wp\/v2\/pages\/21606\/page\/2\/\"><span class=\"elementor-screen-only\">P\u00e1gina<\/span>2<\/a>\n<a class=\"page-numbers\" href=\"https:\/\/corp.ametllerorigen.com\/es\/wp-json\/wp\/v2\/pages\/21606\/page\/3\/\"><span class=\"elementor-screen-only\">P\u00e1gina<\/span>3<\/a>\n<span class=\"page-numbers dots\">&hellip;<\/span>\n<a class=\"page-numbers\" href=\"https:\/\/corp.ametllerorigen.com\/es\/wp-json\/wp\/v2\/pages\/21606\/page\/5\/\"><span class=\"elementor-screen-only\">P\u00e1gina<\/span>5<\/a>\n<a class=\"page-numbers next\" href=\"https:\/\/corp.ametllerorigen.com\/es\/wp-json\/wp\/v2\/pages\/21606\/page\/2\/\">\u203a<\/a>\t\t<\/nav>\n\t\t\t\t\t\t<\/div>\n\t\t\t\t<\/div>\n\t\t\t\t\t<\/div>\n\t\t\t\t<\/div>\n\t\t\t\t<\/div>\n\t\t","protected":false},"excerpt":{"rendered":"","protected":false},"author":24,"featured_media":0,"parent":0,"menu_order":0,"comment_status":"closed","ping_status":"closed","template":"elementor_header_footer","meta":{"_acf_changed":false,"footnotes":""},"class_list":["post-21606","page","type-page","status-publish","hentry"],"acf":false,"yoast_head":"<!-- This site is optimized with the Yoast SEO plugin v27.5 - https:\/\/yoast.com\/product\/yoast-seo-wordpress\/ -->\n<title>Blog - Ametller Origen<\/title>\n<meta name=\"robots\" content=\"index, follow, max-snippet:-1, max-image-preview:large, max-video-preview:-1\" \/>\n<link rel=\"canonical\" href=\"https:\/\/corp.ametllerorigen.com\/es\/blog\/\" \/>\n<meta property=\"og:locale\" content=\"es_ES\" \/>\n<meta property=\"og:type\" content=\"article\" \/>\n<meta property=\"og:title\" content=\"Blog - Ametller Origen\" \/>\n<meta property=\"og:url\" content=\"https:\/\/corp.ametllerorigen.com\/es\/blog\/\" \/>\n<meta property=\"og:site_name\" content=\"Ametller Origen\" \/>\n<meta property=\"article:modified_time\" content=\"2026-04-15T09:29:14+00:00\" \/>\n<meta name=\"twitter:card\" content=\"summary_large_image\" \/>\n<meta name=\"twitter:label1\" content=\"Tiempo de lectura\" \/>\n\t<meta name=\"twitter:data1\" content=\"8 minutos\" \/>\n<script type=\"application\/ld+json\" class=\"yoast-schema-graph\">{\"@context\":\"https:\\\/\\\/schema.org\",\"@graph\":[{\"@type\":\"WebPage\",\"@id\":\"https:\\\/\\\/corp.ametllerorigen.com\\\/es\\\/blog\\\/\",\"url\":\"https:\\\/\\\/corp.ametllerorigen.com\\\/es\\\/blog\\\/\",\"name\":\"Blog - Ametller Origen\",\"isPartOf\":{\"@id\":\"https:\\\/\\\/corp.ametllerorigen.com\\\/#website\"},\"datePublished\":\"2026-04-15T09:17:41+00:00\",\"dateModified\":\"2026-04-15T09:29:14+00:00\",\"breadcrumb\":{\"@id\":\"https:\\\/\\\/corp.ametllerorigen.com\\\/es\\\/blog\\\/#breadcrumb\"},\"inLanguage\":\"es\",\"potentialAction\":[{\"@type\":\"ReadAction\",\"target\":[\"https:\\\/\\\/corp.ametllerorigen.com\\\/es\\\/blog\\\/\"]}]},{\"@type\":\"BreadcrumbList\",\"@id\":\"https:\\\/\\\/corp.ametllerorigen.com\\\/es\\\/blog\\\/#breadcrumb\",\"itemListElement\":[{\"@type\":\"ListItem\",\"position\":1,\"name\":\"Inici\",\"item\":\"https:\\\/\\\/corp.ametllerorigen.com\\\/es\\\/home\\\/\"},{\"@type\":\"ListItem\",\"position\":2,\"name\":\"Blog\"}]},{\"@type\":\"WebSite\",\"@id\":\"https:\\\/\\\/corp.ametllerorigen.com\\\/#website\",\"url\":\"https:\\\/\\\/corp.ametllerorigen.com\\\/\",\"name\":\"Ametller Origen\",\"description\":\"Pensa com menges, menja com penses\",\"publisher\":{\"@id\":\"https:\\\/\\\/corp.ametllerorigen.com\\\/#organization\"},\"potentialAction\":[{\"@type\":\"SearchAction\",\"target\":{\"@type\":\"EntryPoint\",\"urlTemplate\":\"https:\\\/\\\/corp.ametllerorigen.com\\\/?s={search_term_string}\"},\"query-input\":{\"@type\":\"PropertyValueSpecification\",\"valueRequired\":true,\"valueName\":\"search_term_string\"}}],\"inLanguage\":\"es\"},{\"@type\":\"Organization\",\"@id\":\"https:\\\/\\\/corp.ametllerorigen.com\\\/#organization\",\"name\":\"Ametller Origen\",\"url\":\"https:\\\/\\\/corp.ametllerorigen.com\\\/\",\"logo\":{\"@type\":\"ImageObject\",\"inLanguage\":\"es\",\"@id\":\"https:\\\/\\\/corp.ametllerorigen.com\\\/#\\\/schema\\\/logo\\\/image\\\/\",\"url\":\"https:\\\/\\\/corp.ametllerorigen.com\\\/wp-content\\\/uploads\\\/2025\\\/09\\\/Favicon.svg\",\"contentUrl\":\"https:\\\/\\\/corp.ametllerorigen.com\\\/wp-content\\\/uploads\\\/2025\\\/09\\\/Favicon.svg\",\"caption\":\"Ametller Origen\"},\"image\":{\"@id\":\"https:\\\/\\\/corp.ametllerorigen.com\\\/#\\\/schema\\\/logo\\\/image\\\/\"}}]}<\/script>\n<!-- \/ Yoast SEO plugin. -->","yoast_head_json":{"title":"Blog - Ametller Origen","robots":{"index":"index","follow":"follow","max-snippet":"max-snippet:-1","max-image-preview":"max-image-preview:large","max-video-preview":"max-video-preview:-1"},"canonical":"https:\/\/corp.ametllerorigen.com\/es\/blog\/","og_locale":"es_ES","og_type":"article","og_title":"Blog - Ametller Origen","og_url":"https:\/\/corp.ametllerorigen.com\/es\/blog\/","og_site_name":"Ametller Origen","article_modified_time":"2026-04-15T09:29:14+00:00","twitter_card":"summary_large_image","twitter_misc":{"Tiempo de lectura":"8 minutos"},"schema":{"@context":"https:\/\/schema.org","@graph":[{"@type":"WebPage","@id":"https:\/\/corp.ametllerorigen.com\/es\/blog\/","url":"https:\/\/corp.ametllerorigen.com\/es\/blog\/","name":"Blog - Ametller Origen","isPartOf":{"@id":"https:\/\/corp.ametllerorigen.com\/#website"},"datePublished":"2026-04-15T09:17:41+00:00","dateModified":"2026-04-15T09:29:14+00:00","breadcrumb":{"@id":"https:\/\/corp.ametllerorigen.com\/es\/blog\/#breadcrumb"},"inLanguage":"es","potentialAction":[{"@type":"ReadAction","target":["https:\/\/corp.ametllerorigen.com\/es\/blog\/"]}]},{"@type":"BreadcrumbList","@id":"https:\/\/corp.ametllerorigen.com\/es\/blog\/#breadcrumb","itemListElement":[{"@type":"ListItem","position":1,"name":"Inici","item":"https:\/\/corp.ametllerorigen.com\/es\/home\/"},{"@type":"ListItem","position":2,"name":"Blog"}]},{"@type":"WebSite","@id":"https:\/\/corp.ametllerorigen.com\/#website","url":"https:\/\/corp.ametllerorigen.com\/","name":"Ametller Origen","description":"Pensa com menges, menja com penses","publisher":{"@id":"https:\/\/corp.ametllerorigen.com\/#organization"},"potentialAction":[{"@type":"SearchAction","target":{"@type":"EntryPoint","urlTemplate":"https:\/\/corp.ametllerorigen.com\/?s={search_term_string}"},"query-input":{"@type":"PropertyValueSpecification","valueRequired":true,"valueName":"search_term_string"}}],"inLanguage":"es"},{"@type":"Organization","@id":"https:\/\/corp.ametllerorigen.com\/#organization","name":"Ametller Origen","url":"https:\/\/corp.ametllerorigen.com\/","logo":{"@type":"ImageObject","inLanguage":"es","@id":"https:\/\/corp.ametllerorigen.com\/#\/schema\/logo\/image\/","url":"https:\/\/corp.ametllerorigen.com\/wp-content\/uploads\/2025\/09\/Favicon.svg","contentUrl":"https:\/\/corp.ametllerorigen.com\/wp-content\/uploads\/2025\/09\/Favicon.svg","caption":"Ametller Origen"},"image":{"@id":"https:\/\/corp.ametllerorigen.com\/#\/schema\/logo\/image\/"}}]}},"_links":{"self":[{"href":"https:\/\/corp.ametllerorigen.com\/es\/wp-json\/wp\/v2\/pages\/21606","targetHints":{"allow":["GET"]}}],"collection":[{"href":"https:\/\/corp.ametllerorigen.com\/es\/wp-json\/wp\/v2\/pages"}],"about":[{"href":"https:\/\/corp.ametllerorigen.com\/es\/wp-json\/wp\/v2\/types\/page"}],"author":[{"embeddable":true,"href":"https:\/\/corp.ametllerorigen.com\/es\/wp-json\/wp\/v2\/users\/24"}],"replies":[{"embeddable":true,"href":"https:\/\/corp.ametllerorigen.com\/es\/wp-json\/wp\/v2\/comments?post=21606"}],"version-history":[{"count":4,"href":"https:\/\/corp.ametllerorigen.com\/es\/wp-json\/wp\/v2\/pages\/21606\/revisions"}],"predecessor-version":[{"id":21612,"href":"https:\/\/corp.ametllerorigen.com\/es\/wp-json\/wp\/v2\/pages\/21606\/revisions\/21612"}],"wp:attachment":[{"href":"https:\/\/corp.ametllerorigen.com\/es\/wp-json\/wp\/v2\/media?parent=21606"}],"curies":[{"name":"wp","href":"https:\/\/api.w.org\/{rel}","templated":true}]}}