{"id":1371,"date":"2023-01-08T12:55:13","date_gmt":"2023-01-08T12:55:13","guid":{"rendered":"https:\/\/corp.ametllerorigen.com\/?post_type=receptes&#038;p=1371"},"modified":"2023-01-23T17:41:37","modified_gmt":"2023-01-23T17:41:37","slug":"ensalada-de-calabaza-naranja-y-queso-manchego-con-vinagreta","status":"publish","type":"receptes","link":"https:\/\/corp.ametllerorigen.com\/es\/recetas\/ensaladas-es\/ensalada-de-calabaza-naranja-y-queso-manchego-con-vinagreta\/","title":{"rendered":"Ensalada de calabaza, naranja y queso a\u00f1ejo con vinagreta"},"content":{"rendered":"","protected":false},"excerpt":{"rendered":"","protected":false},"featured_media":4085,"template":"","meta":{"_acf_changed":false},"categoria_recepta":[89],"etiquetes_receptes":[142,569,205,208],"temporada":[],"class_list":["post-1371","receptes","type-receptes","status-publish","has-post-thumbnail","hentry","categoria_recepta-ensaladas-es","etiquetes_receptes-calabaza","etiquetes_receptes-calabaza-2","etiquetes_receptes-citricos","etiquetes_receptes-naranja"],"acf":{"ingredients":[{"ingredient":{"ingredient_name":"calabaza","ingredient_quantity":"1\/2 unidad","ingredient_quantity_units":[],"ingredient_quantity_connector":"de","ingredient_ecommerce_name":"Calabaza extra","ingredient_ecommerce_link":"https:\/\/www.ametllerorigen.com\/es\/calabaza-extra\/p?sc=14"}},{"ingredient":{"ingredient_name":"queso de oveja a\u00f1ejo","ingredient_quantity":"100","ingredient_quantity_units":["gr"],"ingredient_quantity_connector":"de","ingredient_ecommerce_name":"Queso de oveja a\u00f1ejo","ingredient_ecommerce_link":"https:\/\/www.ametllerorigen.com\/es\/queso-de-oveja-anejo-ametller-origen-200g\/p?sc=14"}},{"ingredient":{"ingredient_name":"naranja","ingredient_quantity":"1 unidad","ingredient_quantity_units":[],"ingredient_quantity_connector":"de","ingredient_ecommerce_name":"Naranja para postres","ingredient_ecommerce_link":"https:\/\/www.ametllerorigen.com\/es\/naranja-para-postres-categoria-1\/p?sc=14"}},{"ingredient":{"ingredient_name":"granada","ingredient_quantity":"1 unidad","ingredient_quantity_units":[],"ingredient_quantity_connector":"de","ingredient_ecommerce_name":"Granada unidad","ingredient_ecommerce_link":"https:\/\/www.ametllerorigen.com\/es\/granada-unidad\/p"}},{"ingredient":{"ingredient_name":"cebolla roja peque\u00f1a","ingredient_quantity":"1 unidad","ingredient_quantity_units":[],"ingredient_quantity_connector":"de","ingredient_ecommerce_name":"Ceba vermella","ingredient_ecommerce_link":"https:\/\/www.ametllerorigen.com\/es\/cebolla-roja\/p"}},{"ingredient":{"ingredient_name":"espinacas","ingredient_quantity":"1 manojo","ingredient_quantity_units":[],"ingredient_quantity_connector":"de","ingredient_ecommerce_name":"Espinacas manojo","ingredient_ecommerce_link":"https:\/\/www.ametllerorigen.com\/es\/espinacas-manojo\/p?sc=14"}},{"ingredient":{"ingredient_name":"pipas de calabaza","ingredient_quantity":"2","ingredient_quantity_units":["cucharitas"],"ingredient_quantity_connector":"de","ingredient_ecommerce_name":"pipas de calabaza","ingredient_ecommerce_link":"https:\/\/www.ametllerorigen.com\/es\/pipas-calabaza-sin-sal-ametller-origen-150g\/p"}},{"ingredient":{"ingredient_name":"vinagre de manzana","ingredient_quantity":"1","ingredient_quantity_units":["c. sopera"],"ingredient_quantity_connector":"de","ingredient_ecommerce_name":"Vinagre de manzana Casa Ametller 500ml","ingredient_ecommerce_link":"https:\/\/www.ametllerorigen.com\/es\/vinagre-de-manzana-casa-ametller-500ml\/p"}},{"ingredient":{"ingredient_name":"Aceite de oliva virgen","ingredient_quantity":"","ingredient_quantity_units":[],"ingredient_quantity_connector":"de","ingredient_ecommerce_name":"Aceite de oliva virgen extra Ametller Origen 1l","ingredient_ecommerce_link":"https:\/\/www.ametllerorigen.com\/es\/aceite-de-oliva-virgen-extra-ametller-origen-1l\/p"}},{"ingredient":{"ingredient_name":"Sal en escamas","ingredient_quantity":"","ingredient_quantity_units":[],"ingredient_quantity_connector":"de","ingredient_ecommerce_name":"Sal de Maldon 250g","ingredient_ecommerce_link":"https:\/\/www.ametllerorigen.com\/es\/sal-de-maldon-250g\/p"}}],"steps":[{"step":{"description":"<p>Vac\u00eda y corta la calabaza a gajos finos. Salpimi\u00e9ntala y horn\u00e9ala en una bandeja con papel vegetal y coc\u00ednala hasta que est\u00e9 al dente. Una vez cocida, d\u00e9jala enfriar.<\/p>\n"}},{"step":{"description":"<p>Coloca la calabaza en un plato junto con las espinacas, la naranja cortada a gajos, la cebolla, los tri\u00e1ngulos de queso a\u00f1ejo cortados finos y la granada.<\/p>\n"}},{"step":{"description":"<p>Para hacer la vinagreta, mezcla el vinagre de manzana, una o dos cucharadas de aceite de oliva, una pizca de sal en escamas y a\u00f1ade las pipas de calabaza tostadas previamente en la sart\u00e9n. Rectifica de aceite o vinagre la vinagreta en funci\u00f3n de tu gusto.<\/p>\n"}}],"steps2":{"plat_unic":{"es_plat_unic":false,"recomanacio_alimentaria":""},"preferencies_alimentaries":[],"tipus_dapat":["apat"],"dificultat":"1","duracio":"Menys d'una hora","racions":"1","valor_nutricional":"","consells":"","video_url":""}},"yoast_head":"<!-- This site is optimized with the Yoast SEO plugin v27.5 - https:\/\/yoast.com\/product\/yoast-seo-wordpress\/ -->\n<title>Ensalada de calabaza, naranja y queso a\u00f1ejo con vinagreta | Ametller Origen<\/title>\n<meta name=\"description\" content=\"Encuentra en la web de Ametller Origen la receta de ensalada de naranja, calabaza y queso manchego con vinagreta. \u00a1Entra!\" \/>\n<meta name=\"robots\" content=\"index, follow, max-snippet:-1, max-image-preview:large, max-video-preview:-1\" \/>\n<link rel=\"canonical\" href=\"https:\/\/corp.ametllerorigen.com\/es\/recetas\/ensaladas-es\/ensalada-de-calabaza-naranja-y-queso-manchego-con-vinagreta\/\" \/>\n<meta property=\"og:locale\" content=\"es_ES\" \/>\n<meta property=\"og:type\" content=\"article\" \/>\n<meta property=\"og:title\" content=\"Ensalada de calabaza, naranja y queso a\u00f1ejo con vinagreta | Ametller Origen\" \/>\n<meta property=\"og:description\" content=\"Encuentra en la web de Ametller Origen la receta de ensalada de naranja, calabaza y queso manchego con vinagreta. \u00a1Entra!\" \/>\n<meta property=\"og:url\" content=\"https:\/\/corp.ametllerorigen.com\/es\/recetas\/ensaladas-es\/ensalada-de-calabaza-naranja-y-queso-manchego-con-vinagreta\/\" \/>\n<meta property=\"og:site_name\" content=\"Ametller Origen\" \/>\n<meta property=\"article:modified_time\" content=\"2023-01-23T17:41:37+00:00\" \/>\n<meta property=\"og:image\" content=\"https:\/\/corp.ametllerorigen.com\/wp-content\/uploads\/2021\/03\/receta-ametller-origen-ensalada-de-calabaza-naranja-queso-manchego-y-vinagreta.jpg\" \/>\n\t<meta property=\"og:image:width\" content=\"1200\" \/>\n\t<meta property=\"og:image:height\" content=\"901\" \/>\n\t<meta property=\"og:image:type\" content=\"image\/jpeg\" \/>\n<meta name=\"twitter:card\" content=\"summary_large_image\" \/>\n<script type=\"application\/ld+json\" class=\"yoast-schema-graph\">{\"@context\":\"https:\\\/\\\/schema.org\",\"@graph\":[{\"@type\":\"WebPage\",\"@id\":\"https:\\\/\\\/corp.ametllerorigen.com\\\/es\\\/recetas\\\/ensaladas-es\\\/ensalada-de-calabaza-naranja-y-queso-manchego-con-vinagreta\\\/\",\"url\":\"https:\\\/\\\/corp.ametllerorigen.com\\\/es\\\/recetas\\\/ensaladas-es\\\/ensalada-de-calabaza-naranja-y-queso-manchego-con-vinagreta\\\/\",\"name\":\"Ensalada de calabaza, naranja y queso a\u00f1ejo con vinagreta | Ametller Origen\",\"isPartOf\":{\"@id\":\"https:\\\/\\\/corp.ametllerorigen.com\\\/#website\"},\"primaryImageOfPage\":{\"@id\":\"https:\\\/\\\/corp.ametllerorigen.com\\\/es\\\/recetas\\\/ensaladas-es\\\/ensalada-de-calabaza-naranja-y-queso-manchego-con-vinagreta\\\/#primaryimage\"},\"image\":{\"@id\":\"https:\\\/\\\/corp.ametllerorigen.com\\\/es\\\/recetas\\\/ensaladas-es\\\/ensalada-de-calabaza-naranja-y-queso-manchego-con-vinagreta\\\/#primaryimage\"},\"thumbnailUrl\":\"https:\\\/\\\/corp.ametllerorigen.com\\\/wp-content\\\/uploads\\\/2021\\\/03\\\/receta-ametller-origen-ensalada-de-calabaza-naranja-queso-manchego-y-vinagreta.jpg\",\"datePublished\":\"2023-01-08T12:55:13+00:00\",\"dateModified\":\"2023-01-23T17:41:37+00:00\",\"description\":\"Encuentra en la web de Ametller Origen la receta de ensalada de naranja, calabaza y queso manchego con vinagreta. \u00a1Entra!\",\"breadcrumb\":{\"@id\":\"https:\\\/\\\/corp.ametllerorigen.com\\\/es\\\/recetas\\\/ensaladas-es\\\/ensalada-de-calabaza-naranja-y-queso-manchego-con-vinagreta\\\/#breadcrumb\"},\"inLanguage\":\"es\",\"potentialAction\":[{\"@type\":\"ReadAction\",\"target\":[\"https:\\\/\\\/corp.ametllerorigen.com\\\/es\\\/recetas\\\/ensaladas-es\\\/ensalada-de-calabaza-naranja-y-queso-manchego-con-vinagreta\\\/\"]}]},{\"@type\":\"ImageObject\",\"inLanguage\":\"es\",\"@id\":\"https:\\\/\\\/corp.ametllerorigen.com\\\/es\\\/recetas\\\/ensaladas-es\\\/ensalada-de-calabaza-naranja-y-queso-manchego-con-vinagreta\\\/#primaryimage\",\"url\":\"https:\\\/\\\/corp.ametllerorigen.com\\\/wp-content\\\/uploads\\\/2021\\\/03\\\/receta-ametller-origen-ensalada-de-calabaza-naranja-queso-manchego-y-vinagreta.jpg\",\"contentUrl\":\"https:\\\/\\\/corp.ametllerorigen.com\\\/wp-content\\\/uploads\\\/2021\\\/03\\\/receta-ametller-origen-ensalada-de-calabaza-naranja-queso-manchego-y-vinagreta.jpg\",\"width\":1200,\"height\":901,\"caption\":\"receta ametller origen ensalada de calabaza naranja queso manchego y vinagreta\"},{\"@type\":\"BreadcrumbList\",\"@id\":\"https:\\\/\\\/corp.ametllerorigen.com\\\/es\\\/recetas\\\/ensaladas-es\\\/ensalada-de-calabaza-naranja-y-queso-manchego-con-vinagreta\\\/#breadcrumb\",\"itemListElement\":[{\"@type\":\"ListItem\",\"position\":1,\"name\":\"Inici\",\"item\":\"https:\\\/\\\/corp.ametllerorigen.com\\\/es\\\/home\\\/\"},{\"@type\":\"ListItem\",\"position\":2,\"name\":\"Receptes\",\"item\":\"https:\\\/\\\/corp.ametllerorigen.com\\\/es\\\/recetas\\\/\"},{\"@type\":\"ListItem\",\"position\":3,\"name\":\"Ensalada de calabaza, naranja y queso a\u00f1ejo con vinagreta\"}]},{\"@type\":\"WebSite\",\"@id\":\"https:\\\/\\\/corp.ametllerorigen.com\\\/#website\",\"url\":\"https:\\\/\\\/corp.ametllerorigen.com\\\/\",\"name\":\"Ametller Origen\",\"description\":\"Pensa com menges, menja com penses\",\"publisher\":{\"@id\":\"https:\\\/\\\/corp.ametllerorigen.com\\\/#organization\"},\"potentialAction\":[{\"@type\":\"SearchAction\",\"target\":{\"@type\":\"EntryPoint\",\"urlTemplate\":\"https:\\\/\\\/corp.ametllerorigen.com\\\/?s={search_term_string}\"},\"query-input\":{\"@type\":\"PropertyValueSpecification\",\"valueRequired\":true,\"valueName\":\"search_term_string\"}}],\"inLanguage\":\"es\"},{\"@type\":\"Organization\",\"@id\":\"https:\\\/\\\/corp.ametllerorigen.com\\\/#organization\",\"name\":\"Ametller Origen\",\"url\":\"https:\\\/\\\/corp.ametllerorigen.com\\\/\",\"logo\":{\"@type\":\"ImageObject\",\"inLanguage\":\"es\",\"@id\":\"https:\\\/\\\/corp.ametllerorigen.com\\\/#\\\/schema\\\/logo\\\/image\\\/\",\"url\":\"https:\\\/\\\/corp.ametllerorigen.com\\\/wp-content\\\/uploads\\\/2025\\\/09\\\/Favicon.svg\",\"contentUrl\":\"https:\\\/\\\/corp.ametllerorigen.com\\\/wp-content\\\/uploads\\\/2025\\\/09\\\/Favicon.svg\",\"caption\":\"Ametller Origen\"},\"image\":{\"@id\":\"https:\\\/\\\/corp.ametllerorigen.com\\\/#\\\/schema\\\/logo\\\/image\\\/\"}}]}<\/script>\n<!-- \/ Yoast SEO plugin. -->","yoast_head_json":{"title":"Ensalada de calabaza, naranja y queso a\u00f1ejo con vinagreta | Ametller Origen","description":"Encuentra en la web de Ametller Origen la receta de ensalada de naranja, calabaza y queso manchego con vinagreta. \u00a1Entra!","robots":{"index":"index","follow":"follow","max-snippet":"max-snippet:-1","max-image-preview":"max-image-preview:large","max-video-preview":"max-video-preview:-1"},"canonical":"https:\/\/corp.ametllerorigen.com\/es\/recetas\/ensaladas-es\/ensalada-de-calabaza-naranja-y-queso-manchego-con-vinagreta\/","og_locale":"es_ES","og_type":"article","og_title":"Ensalada de calabaza, naranja y queso a\u00f1ejo con vinagreta | Ametller Origen","og_description":"Encuentra en la web de Ametller Origen la receta de ensalada de naranja, calabaza y queso manchego con vinagreta. \u00a1Entra!","og_url":"https:\/\/corp.ametllerorigen.com\/es\/recetas\/ensaladas-es\/ensalada-de-calabaza-naranja-y-queso-manchego-con-vinagreta\/","og_site_name":"Ametller Origen","article_modified_time":"2023-01-23T17:41:37+00:00","og_image":[{"width":1200,"height":901,"url":"https:\/\/corp.ametllerorigen.com\/wp-content\/uploads\/2021\/03\/receta-ametller-origen-ensalada-de-calabaza-naranja-queso-manchego-y-vinagreta.jpg","type":"image\/jpeg"}],"twitter_card":"summary_large_image","schema":{"@context":"https:\/\/schema.org","@graph":[{"@type":"WebPage","@id":"https:\/\/corp.ametllerorigen.com\/es\/recetas\/ensaladas-es\/ensalada-de-calabaza-naranja-y-queso-manchego-con-vinagreta\/","url":"https:\/\/corp.ametllerorigen.com\/es\/recetas\/ensaladas-es\/ensalada-de-calabaza-naranja-y-queso-manchego-con-vinagreta\/","name":"Ensalada de calabaza, naranja y queso a\u00f1ejo con vinagreta | Ametller Origen","isPartOf":{"@id":"https:\/\/corp.ametllerorigen.com\/#website"},"primaryImageOfPage":{"@id":"https:\/\/corp.ametllerorigen.com\/es\/recetas\/ensaladas-es\/ensalada-de-calabaza-naranja-y-queso-manchego-con-vinagreta\/#primaryimage"},"image":{"@id":"https:\/\/corp.ametllerorigen.com\/es\/recetas\/ensaladas-es\/ensalada-de-calabaza-naranja-y-queso-manchego-con-vinagreta\/#primaryimage"},"thumbnailUrl":"https:\/\/corp.ametllerorigen.com\/wp-content\/uploads\/2021\/03\/receta-ametller-origen-ensalada-de-calabaza-naranja-queso-manchego-y-vinagreta.jpg","datePublished":"2023-01-08T12:55:13+00:00","dateModified":"2023-01-23T17:41:37+00:00","description":"Encuentra en la web de Ametller Origen la receta de ensalada de naranja, calabaza y queso manchego con vinagreta. \u00a1Entra!","breadcrumb":{"@id":"https:\/\/corp.ametllerorigen.com\/es\/recetas\/ensaladas-es\/ensalada-de-calabaza-naranja-y-queso-manchego-con-vinagreta\/#breadcrumb"},"inLanguage":"es","potentialAction":[{"@type":"ReadAction","target":["https:\/\/corp.ametllerorigen.com\/es\/recetas\/ensaladas-es\/ensalada-de-calabaza-naranja-y-queso-manchego-con-vinagreta\/"]}]},{"@type":"ImageObject","inLanguage":"es","@id":"https:\/\/corp.ametllerorigen.com\/es\/recetas\/ensaladas-es\/ensalada-de-calabaza-naranja-y-queso-manchego-con-vinagreta\/#primaryimage","url":"https:\/\/corp.ametllerorigen.com\/wp-content\/uploads\/2021\/03\/receta-ametller-origen-ensalada-de-calabaza-naranja-queso-manchego-y-vinagreta.jpg","contentUrl":"https:\/\/corp.ametllerorigen.com\/wp-content\/uploads\/2021\/03\/receta-ametller-origen-ensalada-de-calabaza-naranja-queso-manchego-y-vinagreta.jpg","width":1200,"height":901,"caption":"receta ametller origen ensalada de calabaza naranja queso manchego y vinagreta"},{"@type":"BreadcrumbList","@id":"https:\/\/corp.ametllerorigen.com\/es\/recetas\/ensaladas-es\/ensalada-de-calabaza-naranja-y-queso-manchego-con-vinagreta\/#breadcrumb","itemListElement":[{"@type":"ListItem","position":1,"name":"Inici","item":"https:\/\/corp.ametllerorigen.com\/es\/home\/"},{"@type":"ListItem","position":2,"name":"Receptes","item":"https:\/\/corp.ametllerorigen.com\/es\/recetas\/"},{"@type":"ListItem","position":3,"name":"Ensalada de calabaza, naranja y queso a\u00f1ejo con vinagreta"}]},{"@type":"WebSite","@id":"https:\/\/corp.ametllerorigen.com\/#website","url":"https:\/\/corp.ametllerorigen.com\/","name":"Ametller Origen","description":"Pensa com menges, menja com penses","publisher":{"@id":"https:\/\/corp.ametllerorigen.com\/#organization"},"potentialAction":[{"@type":"SearchAction","target":{"@type":"EntryPoint","urlTemplate":"https:\/\/corp.ametllerorigen.com\/?s={search_term_string}"},"query-input":{"@type":"PropertyValueSpecification","valueRequired":true,"valueName":"search_term_string"}}],"inLanguage":"es"},{"@type":"Organization","@id":"https:\/\/corp.ametllerorigen.com\/#organization","name":"Ametller Origen","url":"https:\/\/corp.ametllerorigen.com\/","logo":{"@type":"ImageObject","inLanguage":"es","@id":"https:\/\/corp.ametllerorigen.com\/#\/schema\/logo\/image\/","url":"https:\/\/corp.ametllerorigen.com\/wp-content\/uploads\/2025\/09\/Favicon.svg","contentUrl":"https:\/\/corp.ametllerorigen.com\/wp-content\/uploads\/2025\/09\/Favicon.svg","caption":"Ametller Origen"},"image":{"@id":"https:\/\/corp.ametllerorigen.com\/#\/schema\/logo\/image\/"}}]}},"_links":{"self":[{"href":"https:\/\/corp.ametllerorigen.com\/es\/wp-json\/wp\/v2\/receptes\/1371","targetHints":{"allow":["GET"]}}],"collection":[{"href":"https:\/\/corp.ametllerorigen.com\/es\/wp-json\/wp\/v2\/receptes"}],"about":[{"href":"https:\/\/corp.ametllerorigen.com\/es\/wp-json\/wp\/v2\/types\/receptes"}],"wp:featuredmedia":[{"embeddable":true,"href":"https:\/\/corp.ametllerorigen.com\/es\/wp-json\/wp\/v2\/media\/4085"}],"wp:attachment":[{"href":"https:\/\/corp.ametllerorigen.com\/es\/wp-json\/wp\/v2\/media?parent=1371"}],"wp:term":[{"taxonomy":"categoria_recepta","embeddable":true,"href":"https:\/\/corp.ametllerorigen.com\/es\/wp-json\/wp\/v2\/categoria_recepta?post=1371"},{"taxonomy":"etiquetes_receptes","embeddable":true,"href":"https:\/\/corp.ametllerorigen.com\/es\/wp-json\/wp\/v2\/etiquetes_receptes?post=1371"},{"taxonomy":"temporada","embeddable":true,"href":"https:\/\/corp.ametllerorigen.com\/es\/wp-json\/wp\/v2\/temporada?post=1371"}],"curies":[{"name":"wp","href":"https:\/\/api.w.org\/{rel}","templated":true}]}}