{"id":8382,"date":"2023-10-04T12:46:47","date_gmt":"2023-10-04T12:46:47","guid":{"rendered":"https:\/\/corp.ametllerorigen.com\/?post_type=receptes&#038;p=8382"},"modified":"2023-10-11T10:22:15","modified_gmt":"2023-10-11T10:22:15","slug":"mini-quiche-de-setas-con-queso-de-cabra-y-gruyere","status":"publish","type":"receptes","link":"https:\/\/corp.ametllerorigen.com\/es\/recetas\/aperitivos\/mini-quiche-de-setas-con-queso-de-cabra-y-gruyere\/","title":{"rendered":"Mini quiche de setas con queso de cabra y gruy\u00e8re"},"content":{"rendered":"","protected":false},"excerpt":{"rendered":"","protected":false},"featured_media":11530,"template":"","meta":{"_acf_changed":false},"categoria_recepta":[344,167,389],"etiquetes_receptes":[106,196],"temporada":[],"class_list":["post-8382","receptes","type-receptes","status-publish","has-post-thumbnail","hentry","categoria_recepta-aperitivos","categoria_recepta-otros","categoria_recepta-pizzas","etiquetes_receptes-queso","etiquetes_receptes-setas"],"acf":{"steps2":{"plat_unic":{"es_plat_unic":false,"recomanacio_alimentaria":""},"preferencies_alimentaries":[],"tipus_dapat":["aperitiu"],"dificultat":"1","duracio":"Menys d'una hora","racions":"4","valor_nutricional":"","consells":"","video_url":""},"ingredients":[{"ingredient":{"ingredient_name":"setas","ingredient_quantity":"1","ingredient_quantity_units":["pu\u00f1ado"],"ingredient_quantity_connector":"de","ingredient_ecommerce_name":"","ingredient_ecommerce_link":"https:\/\/www.ametllerorigen.com\/es\/Verdura\/Setas"}},{"ingredient":{"ingredient_name":"1 puerro","ingredient_quantity":"","ingredient_quantity_units":[],"ingredient_quantity_connector":"de","ingredient_ecommerce_name":"","ingredient_ecommerce_link":"https:\/\/www.ametllerorigen.com\/es\/Verdura\/puerros-apio-e-hinojo"}},{"ingredient":{"ingredient_name":"4 huevos","ingredient_quantity":"","ingredient_quantity_units":[],"ingredient_quantity_connector":"de","ingredient_ecommerce_name":"","ingredient_ecommerce_link":"https:\/\/www.ametllerorigen.com\/es\/lacteos-y-huevos\/huevos-frescos"}},{"ingredient":{"ingredient_name":"queso gruy\u00e8re","ingredient_quantity":"100","ingredient_quantity_units":["g"],"ingredient_quantity_connector":"de","ingredient_ecommerce_name":"","ingredient_ecommerce_link":"https:\/\/www.ametllerorigen.com\/es\/lacteos-y-huevos\/Quesos\/quesos-por-piezas"}},{"ingredient":{"ingredient_name":"queso de cabra","ingredient_quantity":"50","ingredient_quantity_units":["g"],"ingredient_quantity_connector":"de","ingredient_ecommerce_name":"","ingredient_ecommerce_link":"https:\/\/www.ametllerorigen.com\/es\/lacteos-y-huevos\/Quesos\/quesos-por-piezas"}},{"ingredient":{"ingredient_name":"nata para cocinar","ingredient_quantity":"200","ingredient_quantity_units":["ml"],"ingredient_quantity_connector":"de","ingredient_ecommerce_name":"","ingredient_ecommerce_link":"https:\/\/www.ametllerorigen.com\/es\/lacteos-y-huevos\/nata-mantequilla-y-levadura"}},{"ingredient":{"ingredient_name":"1 masa brisa","ingredient_quantity":"","ingredient_quantity_units":[],"ingredient_quantity_connector":"de","ingredient_ecommerce_name":"","ingredient_ecommerce_link":"https:\/\/www.ametllerorigen.com\/es\/horno\/bases-de-pizza-y-crepes"}},{"ingredient":{"ingredient_name":"Aceite de oliva virgen extra","ingredient_quantity":"","ingredient_quantity_units":[],"ingredient_quantity_connector":"de","ingredient_ecommerce_name":"","ingredient_ecommerce_link":"https:\/\/www.ametllerorigen.com\/es\/Despensa\/aceite-vinagre-sal-y-especias"}},{"ingredient":{"ingredient_name":"Sal y pimienta","ingredient_quantity":"","ingredient_quantity_units":[],"ingredient_quantity_connector":"de","ingredient_ecommerce_name":"","ingredient_ecommerce_link":"https:\/\/www.ametllerorigen.com\/"}}],"steps":[{"step":{"description":"<p>Limpia, corta las setas y coc\u00ednalas a fuego fuerte con un chorrito de aceite de oliva virgen.<\/p>\n"}},{"step":{"description":"<p>Una vez cocidas, ret\u00edralas y cocina el puerro muy picado a fuego flojo-mediano.<\/p>\n"}},{"step":{"description":"<p>En un bol bate los 4 huevos, a\u00f1ade la nata, salpimienta al gusto y remu\u00e9velo hasta que quede todo muy incorporado.<\/p>\n"}},{"step":{"description":"<p>Pinta los moldes con un pincel untado con aceite de oliva virgen, corta la masa brisa en peque\u00f1os cuadrados de la medida de estos y pon un cuadrado en cada uno de ellos.<\/p>\n"}},{"step":{"description":"<p>Pon las verduras, el queso de cabra y el queso gruy\u00e8re rayado dentro de los moldes y c\u00fabrelo con el batido de huevo y nata.<\/p>\n"}},{"step":{"description":"<p>Hornea las quiches a 180 grados durante 20 - 25 minutos.<\/p>\n"}}]},"yoast_head":"<!-- This site is optimized with the Yoast SEO plugin v27.4 - https:\/\/yoast.com\/product\/yoast-seo-wordpress\/ -->\n<title>Mini quiche de setas con queso de cabra y gruy\u00e8re | Ametller Origen<\/title>\n<meta name=\"description\" content=\"Prepara estas quiche de setas con queso de cabra y gruy\u00e8re. \u00a1Una receta f\u00e1cil y r\u00e1pida! Descubre m\u00e1s en nuestra web. \u00a1Entra!\" \/>\n<meta name=\"robots\" content=\"index, follow, max-snippet:-1, max-image-preview:large, max-video-preview:-1\" \/>\n<link rel=\"canonical\" href=\"https:\/\/corp.ametllerorigen.com\/es\/recetas\/aperitivos\/mini-quiche-de-setas-con-queso-de-cabra-y-gruyere\/\" \/>\n<meta property=\"og:locale\" content=\"es_ES\" \/>\n<meta property=\"og:type\" content=\"article\" \/>\n<meta property=\"og:title\" content=\"Mini quiche de setas con queso de cabra y gruy\u00e8re | Ametller Origen\" \/>\n<meta property=\"og:description\" content=\"Prepara estas quiche de setas con queso de cabra y gruy\u00e8re. \u00a1Una receta f\u00e1cil y r\u00e1pida! Descubre m\u00e1s en nuestra web. \u00a1Entra!\" \/>\n<meta property=\"og:url\" content=\"https:\/\/corp.ametllerorigen.com\/es\/recetas\/aperitivos\/mini-quiche-de-setas-con-queso-de-cabra-y-gruyere\/\" \/>\n<meta property=\"og:site_name\" content=\"Ametller Origen\" \/>\n<meta property=\"article:modified_time\" content=\"2023-10-11T10:22:15+00:00\" \/>\n<meta property=\"og:image\" content=\"https:\/\/corp.ametllerorigen.com\/wp-content\/uploads\/2023\/10\/recepta-ametller-origen-quiche-bolets-formatge.jpg\" \/>\n\t<meta property=\"og:image:width\" content=\"1254\" \/>\n\t<meta property=\"og:image:height\" content=\"836\" \/>\n\t<meta property=\"og:image:type\" content=\"image\/jpeg\" \/>\n<meta name=\"twitter:card\" content=\"summary_large_image\" \/>\n<script type=\"application\/ld+json\" class=\"yoast-schema-graph\">{\"@context\":\"https:\\\/\\\/schema.org\",\"@graph\":[{\"@type\":\"WebPage\",\"@id\":\"https:\\\/\\\/corp.ametllerorigen.com\\\/es\\\/recetas\\\/aperitivos\\\/mini-quiche-de-setas-con-queso-de-cabra-y-gruyere\\\/\",\"url\":\"https:\\\/\\\/corp.ametllerorigen.com\\\/es\\\/recetas\\\/aperitivos\\\/mini-quiche-de-setas-con-queso-de-cabra-y-gruyere\\\/\",\"name\":\"Mini quiche de setas con queso de cabra y gruy\u00e8re | Ametller Origen\",\"isPartOf\":{\"@id\":\"https:\\\/\\\/corp.ametllerorigen.com\\\/#website\"},\"primaryImageOfPage\":{\"@id\":\"https:\\\/\\\/corp.ametllerorigen.com\\\/es\\\/recetas\\\/aperitivos\\\/mini-quiche-de-setas-con-queso-de-cabra-y-gruyere\\\/#primaryimage\"},\"image\":{\"@id\":\"https:\\\/\\\/corp.ametllerorigen.com\\\/es\\\/recetas\\\/aperitivos\\\/mini-quiche-de-setas-con-queso-de-cabra-y-gruyere\\\/#primaryimage\"},\"thumbnailUrl\":\"https:\\\/\\\/corp.ametllerorigen.com\\\/wp-content\\\/uploads\\\/2023\\\/10\\\/recepta-ametller-origen-quiche-bolets-formatge.jpg\",\"datePublished\":\"2023-10-04T12:46:47+00:00\",\"dateModified\":\"2023-10-11T10:22:15+00:00\",\"description\":\"Prepara estas quiche de setas con queso de cabra y gruy\u00e8re. \u00a1Una receta f\u00e1cil y r\u00e1pida! Descubre m\u00e1s en nuestra web. \u00a1Entra!\",\"breadcrumb\":{\"@id\":\"https:\\\/\\\/corp.ametllerorigen.com\\\/es\\\/recetas\\\/aperitivos\\\/mini-quiche-de-setas-con-queso-de-cabra-y-gruyere\\\/#breadcrumb\"},\"inLanguage\":\"es\",\"potentialAction\":[{\"@type\":\"ReadAction\",\"target\":[\"https:\\\/\\\/corp.ametllerorigen.com\\\/es\\\/recetas\\\/aperitivos\\\/mini-quiche-de-setas-con-queso-de-cabra-y-gruyere\\\/\"]}]},{\"@type\":\"ImageObject\",\"inLanguage\":\"es\",\"@id\":\"https:\\\/\\\/corp.ametllerorigen.com\\\/es\\\/recetas\\\/aperitivos\\\/mini-quiche-de-setas-con-queso-de-cabra-y-gruyere\\\/#primaryimage\",\"url\":\"https:\\\/\\\/corp.ametllerorigen.com\\\/wp-content\\\/uploads\\\/2023\\\/10\\\/recepta-ametller-origen-quiche-bolets-formatge.jpg\",\"contentUrl\":\"https:\\\/\\\/corp.ametllerorigen.com\\\/wp-content\\\/uploads\\\/2023\\\/10\\\/recepta-ametller-origen-quiche-bolets-formatge.jpg\",\"width\":1254,\"height\":836,\"caption\":\"Homemade tarts of puff pastry with seasonal chanterelle mushrooms, cheese, thyme and onion on rustic wooden table, selective focus\"},{\"@type\":\"BreadcrumbList\",\"@id\":\"https:\\\/\\\/corp.ametllerorigen.com\\\/es\\\/recetas\\\/aperitivos\\\/mini-quiche-de-setas-con-queso-de-cabra-y-gruyere\\\/#breadcrumb\",\"itemListElement\":[{\"@type\":\"ListItem\",\"position\":1,\"name\":\"Inici\",\"item\":\"https:\\\/\\\/corp.ametllerorigen.com\\\/es\\\/home\\\/\"},{\"@type\":\"ListItem\",\"position\":2,\"name\":\"Receptes\",\"item\":\"https:\\\/\\\/corp.ametllerorigen.com\\\/es\\\/recetas\\\/\"},{\"@type\":\"ListItem\",\"position\":3,\"name\":\"Mini quiche de setas con queso de cabra y gruy\u00e8re\"}]},{\"@type\":\"WebSite\",\"@id\":\"https:\\\/\\\/corp.ametllerorigen.com\\\/#website\",\"url\":\"https:\\\/\\\/corp.ametllerorigen.com\\\/\",\"name\":\"Ametller Origen\",\"description\":\"Pensa com menges, menja com penses\",\"publisher\":{\"@id\":\"https:\\\/\\\/corp.ametllerorigen.com\\\/#organization\"},\"potentialAction\":[{\"@type\":\"SearchAction\",\"target\":{\"@type\":\"EntryPoint\",\"urlTemplate\":\"https:\\\/\\\/corp.ametllerorigen.com\\\/?s={search_term_string}\"},\"query-input\":{\"@type\":\"PropertyValueSpecification\",\"valueRequired\":true,\"valueName\":\"search_term_string\"}}],\"inLanguage\":\"es\"},{\"@type\":\"Organization\",\"@id\":\"https:\\\/\\\/corp.ametllerorigen.com\\\/#organization\",\"name\":\"Ametller Origen\",\"url\":\"https:\\\/\\\/corp.ametllerorigen.com\\\/\",\"logo\":{\"@type\":\"ImageObject\",\"inLanguage\":\"es\",\"@id\":\"https:\\\/\\\/corp.ametllerorigen.com\\\/#\\\/schema\\\/logo\\\/image\\\/\",\"url\":\"https:\\\/\\\/corp.ametllerorigen.com\\\/wp-content\\\/uploads\\\/2025\\\/09\\\/Favicon.svg\",\"contentUrl\":\"https:\\\/\\\/corp.ametllerorigen.com\\\/wp-content\\\/uploads\\\/2025\\\/09\\\/Favicon.svg\",\"caption\":\"Ametller Origen\"},\"image\":{\"@id\":\"https:\\\/\\\/corp.ametllerorigen.com\\\/#\\\/schema\\\/logo\\\/image\\\/\"}}]}<\/script>\n<!-- \/ Yoast SEO plugin. -->","yoast_head_json":{"title":"Mini quiche de setas con queso de cabra y gruy\u00e8re | Ametller Origen","description":"Prepara estas quiche de setas con queso de cabra y gruy\u00e8re. \u00a1Una receta f\u00e1cil y r\u00e1pida! Descubre m\u00e1s en nuestra web. \u00a1Entra!","robots":{"index":"index","follow":"follow","max-snippet":"max-snippet:-1","max-image-preview":"max-image-preview:large","max-video-preview":"max-video-preview:-1"},"canonical":"https:\/\/corp.ametllerorigen.com\/es\/recetas\/aperitivos\/mini-quiche-de-setas-con-queso-de-cabra-y-gruyere\/","og_locale":"es_ES","og_type":"article","og_title":"Mini quiche de setas con queso de cabra y gruy\u00e8re | Ametller Origen","og_description":"Prepara estas quiche de setas con queso de cabra y gruy\u00e8re. \u00a1Una receta f\u00e1cil y r\u00e1pida! Descubre m\u00e1s en nuestra web. \u00a1Entra!","og_url":"https:\/\/corp.ametllerorigen.com\/es\/recetas\/aperitivos\/mini-quiche-de-setas-con-queso-de-cabra-y-gruyere\/","og_site_name":"Ametller Origen","article_modified_time":"2023-10-11T10:22:15+00:00","og_image":[{"width":1254,"height":836,"url":"https:\/\/corp.ametllerorigen.com\/wp-content\/uploads\/2023\/10\/recepta-ametller-origen-quiche-bolets-formatge.jpg","type":"image\/jpeg"}],"twitter_card":"summary_large_image","schema":{"@context":"https:\/\/schema.org","@graph":[{"@type":"WebPage","@id":"https:\/\/corp.ametllerorigen.com\/es\/recetas\/aperitivos\/mini-quiche-de-setas-con-queso-de-cabra-y-gruyere\/","url":"https:\/\/corp.ametllerorigen.com\/es\/recetas\/aperitivos\/mini-quiche-de-setas-con-queso-de-cabra-y-gruyere\/","name":"Mini quiche de setas con queso de cabra y gruy\u00e8re | Ametller Origen","isPartOf":{"@id":"https:\/\/corp.ametllerorigen.com\/#website"},"primaryImageOfPage":{"@id":"https:\/\/corp.ametllerorigen.com\/es\/recetas\/aperitivos\/mini-quiche-de-setas-con-queso-de-cabra-y-gruyere\/#primaryimage"},"image":{"@id":"https:\/\/corp.ametllerorigen.com\/es\/recetas\/aperitivos\/mini-quiche-de-setas-con-queso-de-cabra-y-gruyere\/#primaryimage"},"thumbnailUrl":"https:\/\/corp.ametllerorigen.com\/wp-content\/uploads\/2023\/10\/recepta-ametller-origen-quiche-bolets-formatge.jpg","datePublished":"2023-10-04T12:46:47+00:00","dateModified":"2023-10-11T10:22:15+00:00","description":"Prepara estas quiche de setas con queso de cabra y gruy\u00e8re. \u00a1Una receta f\u00e1cil y r\u00e1pida! Descubre m\u00e1s en nuestra web. \u00a1Entra!","breadcrumb":{"@id":"https:\/\/corp.ametllerorigen.com\/es\/recetas\/aperitivos\/mini-quiche-de-setas-con-queso-de-cabra-y-gruyere\/#breadcrumb"},"inLanguage":"es","potentialAction":[{"@type":"ReadAction","target":["https:\/\/corp.ametllerorigen.com\/es\/recetas\/aperitivos\/mini-quiche-de-setas-con-queso-de-cabra-y-gruyere\/"]}]},{"@type":"ImageObject","inLanguage":"es","@id":"https:\/\/corp.ametllerorigen.com\/es\/recetas\/aperitivos\/mini-quiche-de-setas-con-queso-de-cabra-y-gruyere\/#primaryimage","url":"https:\/\/corp.ametllerorigen.com\/wp-content\/uploads\/2023\/10\/recepta-ametller-origen-quiche-bolets-formatge.jpg","contentUrl":"https:\/\/corp.ametllerorigen.com\/wp-content\/uploads\/2023\/10\/recepta-ametller-origen-quiche-bolets-formatge.jpg","width":1254,"height":836,"caption":"Homemade tarts of puff pastry with seasonal chanterelle mushrooms, cheese, thyme and onion on rustic wooden table, selective focus"},{"@type":"BreadcrumbList","@id":"https:\/\/corp.ametllerorigen.com\/es\/recetas\/aperitivos\/mini-quiche-de-setas-con-queso-de-cabra-y-gruyere\/#breadcrumb","itemListElement":[{"@type":"ListItem","position":1,"name":"Inici","item":"https:\/\/corp.ametllerorigen.com\/es\/home\/"},{"@type":"ListItem","position":2,"name":"Receptes","item":"https:\/\/corp.ametllerorigen.com\/es\/recetas\/"},{"@type":"ListItem","position":3,"name":"Mini quiche de setas con queso de cabra y gruy\u00e8re"}]},{"@type":"WebSite","@id":"https:\/\/corp.ametllerorigen.com\/#website","url":"https:\/\/corp.ametllerorigen.com\/","name":"Ametller Origen","description":"Pensa com menges, menja com penses","publisher":{"@id":"https:\/\/corp.ametllerorigen.com\/#organization"},"potentialAction":[{"@type":"SearchAction","target":{"@type":"EntryPoint","urlTemplate":"https:\/\/corp.ametllerorigen.com\/?s={search_term_string}"},"query-input":{"@type":"PropertyValueSpecification","valueRequired":true,"valueName":"search_term_string"}}],"inLanguage":"es"},{"@type":"Organization","@id":"https:\/\/corp.ametllerorigen.com\/#organization","name":"Ametller Origen","url":"https:\/\/corp.ametllerorigen.com\/","logo":{"@type":"ImageObject","inLanguage":"es","@id":"https:\/\/corp.ametllerorigen.com\/#\/schema\/logo\/image\/","url":"https:\/\/corp.ametllerorigen.com\/wp-content\/uploads\/2025\/09\/Favicon.svg","contentUrl":"https:\/\/corp.ametllerorigen.com\/wp-content\/uploads\/2025\/09\/Favicon.svg","caption":"Ametller Origen"},"image":{"@id":"https:\/\/corp.ametllerorigen.com\/#\/schema\/logo\/image\/"}}]}},"_links":{"self":[{"href":"https:\/\/corp.ametllerorigen.com\/es\/wp-json\/wp\/v2\/receptes\/8382","targetHints":{"allow":["GET"]}}],"collection":[{"href":"https:\/\/corp.ametllerorigen.com\/es\/wp-json\/wp\/v2\/receptes"}],"about":[{"href":"https:\/\/corp.ametllerorigen.com\/es\/wp-json\/wp\/v2\/types\/receptes"}],"wp:featuredmedia":[{"embeddable":true,"href":"https:\/\/corp.ametllerorigen.com\/es\/wp-json\/wp\/v2\/media\/11530"}],"wp:attachment":[{"href":"https:\/\/corp.ametllerorigen.com\/es\/wp-json\/wp\/v2\/media?parent=8382"}],"wp:term":[{"taxonomy":"categoria_recepta","embeddable":true,"href":"https:\/\/corp.ametllerorigen.com\/es\/wp-json\/wp\/v2\/categoria_recepta?post=8382"},{"taxonomy":"etiquetes_receptes","embeddable":true,"href":"https:\/\/corp.ametllerorigen.com\/es\/wp-json\/wp\/v2\/etiquetes_receptes?post=8382"},{"taxonomy":"temporada","embeddable":true,"href":"https:\/\/corp.ametllerorigen.com\/es\/wp-json\/wp\/v2\/temporada?post=8382"}],"curies":[{"name":"wp","href":"https:\/\/api.w.org\/{rel}","templated":true}]}}