{"id":993,"date":"2023-01-06T11:23:23","date_gmt":"2023-01-06T11:23:23","guid":{"rendered":"https:\/\/corp.ametllerorigen.com\/?post_type=receptes&#038;p=993"},"modified":"2023-01-23T17:40:24","modified_gmt":"2023-01-23T17:40:24","slug":"lomo-de-bacalao-con-citricos-y-tomates-cherry-confitados","status":"publish","type":"receptes","link":"https:\/\/corp.ametllerorigen.com\/es\/recetas\/pescado-y-marisco\/lomo-de-bacalao-con-citricos-y-tomates-cherry-confitados\/","title":{"rendered":"Lomo de bacalao con c\u00edtricos y tomates cherry confitados"},"content":{"rendered":"","protected":false},"excerpt":{"rendered":"","protected":false},"featured_media":4137,"template":"","meta":{"_acf_changed":false},"categoria_recepta":[166],"etiquetes_receptes":[203,172,173],"temporada":[],"class_list":["post-993","receptes","type-receptes","status-publish","has-post-thumbnail","hentry","categoria_recepta-pescado-y-marisco","etiquetes_receptes-bacalao","etiquetes_receptes-cherry-es","etiquetes_receptes-confitar-es"],"acf":{"ingredients":[{"ingredient":{"ingredient_name":"lomo de bacalao","ingredient_quantity":"4 unidades","ingredient_quantity_units":[],"ingredient_quantity_connector":"de","ingredient_ecommerce_name":"Lomo de bacalao desalado Royal 225g","ingredient_ecommerce_link":"https:\/\/www.ametllerorigen.com\/es\/lomo-de-bacalao-desalado-royal-225g\/p"}},{"ingredient":{"ingredient_name":"naranja","ingredient_quantity":"2 unidades","ingredient_quantity_units":[],"ingredient_quantity_connector":"de","ingredient_ecommerce_name":"Naranjas y c\u00edtricos","ingredient_ecommerce_link":"https:\/\/www.ametllerorigen.com\/es\/naranja-i-bolsa-2kg\/p"}},{"ingredient":{"ingredient_name":"lim\u00f3n","ingredient_quantity":"1 unidad","ingredient_quantity_units":[],"ingredient_quantity_connector":"de","ingredient_ecommerce_name":"Lim\u00f3n","ingredient_ecommerce_link":"https:\/\/www.ametllerorigen.com\/es\/limon\/p"}},{"ingredient":{"ingredient_name":"mandarina","ingredient_quantity":"1 unidad","ingredient_quantity_units":[],"ingredient_quantity_connector":"de","ingredient_ecommerce_name":"Mandarina I","ingredient_ecommerce_link":"https:\/\/www.ametllerorigen.com\/es\/mandarina-i\/p"}},{"ingredient":{"ingredient_name":"tomates cherry","ingredient_quantity":"200","ingredient_quantity_units":["gr"],"ingredient_quantity_connector":"de","ingredient_ecommerce_name":"Tomate cherry cesta 600g","ingredient_ecommerce_link":"https:\/\/www.ametllerorigen.com\/es\/tomo-quete-cherry-cesta\/p"}},{"ingredient":{"ingredient_name":"ajo","ingredient_quantity":"2","ingredient_quantity_units":["dientes"],"ingredient_quantity_connector":"de","ingredient_ecommerce_name":"Ajos granel","ingredient_ecommerce_link":"https:\/\/www.ametllerorigen.com\/es\/ajos-granel\/p"}},{"ingredient":{"ingredient_name":"aceitunas negras","ingredient_quantity":"1","ingredient_quantity_units":["pu\u00f1ado"],"ingredient_quantity_connector":"de","ingredient_ecommerce_name":"Aceitunas y snacks","ingredient_ecommerce_link":"https:\/\/www.ametllerorigen.com\/es\/despensa\/aceitunas-y-snacks"}},{"ingredient":{"ingredient_name":"Romero fresco","ingredient_quantity":"","ingredient_quantity_units":[],"ingredient_quantity_connector":"de","ingredient_ecommerce_name":"Romero Bandeja","ingredient_ecommerce_link":"https:\/\/www.ametllerorigen.com\/es\/romero-bandeja\/p"}},{"ingredient":{"ingredient_name":"Aceite de oliva virgen extra","ingredient_quantity":"","ingredient_quantity_units":[],"ingredient_quantity_connector":"de","ingredient_ecommerce_name":"Aceite de oliva virgen extra Ametller Origen 1l","ingredient_ecommerce_link":"https:\/\/www.ametllerorigen.com\/es\/aceite-de-oliva-virgen-extra-ametller-origen-1l\/p"}},{"ingredient":{"ingredient_name":"Pimienta mix","ingredient_quantity":"","ingredient_quantity_units":[],"ingredient_quantity_connector":"de","ingredient_ecommerce_name":"Molinillo pimienta ex\u00f3tico Burriac 40g","ingredient_ecommerce_link":"https:\/\/www.ametllerorigen.com\/es\/molinillo-pimienta-exotica-burriac-40g\/p"}},{"ingredient":{"ingredient_name":"Sal","ingredient_quantity":"","ingredient_quantity_units":[],"ingredient_quantity_connector":"de","ingredient_ecommerce_name":"Sal ligera Sal costa 80g","ingredient_ecommerce_link":"https:\/\/www.ametllerorigen.com\/es\/sal-ligera-sal-costa-80g\/p"}}],"steps":[{"step":{"description":"<p>Lava y seca los tomates cherry y sum\u00e9rgelos en un cazo peque\u00f1o con media taza de aceite y los dos dientes de ajo. Cu\u00e9celos a fuego muy bajo hasta que los tomates empiecen a cambiar su consistencia.<\/p>\n"}},{"step":{"description":"<p>Corta las naranjas, las mandarinas y los limones en l\u00e1minas finas y col\u00f3calo en una bandeja de horno. Agrega sal, pimienta, aceite y unas hojas de romero fresco y horn\u00e9alo todo durante 15 minutos a 180\u00b0.<\/p>\n"}},{"step":{"description":"<p>Coloca el bacalao por encima de los c\u00edtricos e incorpora los tomates encurtidos y las aceitunas negras. Pinta el bacalao con el aceite de cocci\u00f3n de los tomates y, finalmente, horn\u00e9alo todo durante 10 minutos o hasta que el bacalao tenga el punto de cocci\u00f3n que desees.<\/p>\n"}}],"steps2":{"plat_unic":{"es_plat_unic":false,"recomanacio_alimentaria":""},"preferencies_alimentaries":["Sense fruits secs","Amb peix"],"tipus_dapat":["apat"],"dificultat":"1","duracio":"Menys d'una hora","racions":"4","valor_nutricional":"","consells":"","video_url":""}},"yoast_head":"<!-- This site is optimized with the Yoast SEO plugin v27.5 - https:\/\/yoast.com\/product\/yoast-seo-wordpress\/ -->\n<title>Lomo de bacalao con c\u00edtricos y tomates cherry confitados | Ametller Origen<\/title>\n<meta name=\"description\" content=\"Del\u00e9ita tu paladar con esta gran receta: lomo de bacalao con c\u00edtricos y tomates cherrys confitados. \u00a1Entra y desc\u00fabrela!\" \/>\n<meta name=\"robots\" content=\"index, follow, max-snippet:-1, max-image-preview:large, max-video-preview:-1\" \/>\n<link rel=\"canonical\" href=\"https:\/\/corp.ametllerorigen.com\/es\/recetas\/pescado-y-marisco\/lomo-de-bacalao-con-citricos-y-tomates-cherry-confitados\/\" \/>\n<meta property=\"og:locale\" content=\"es_ES\" \/>\n<meta property=\"og:type\" content=\"article\" \/>\n<meta property=\"og:title\" content=\"Lomo de bacalao con c\u00edtricos y tomates cherry confitados | Ametller Origen\" \/>\n<meta property=\"og:description\" content=\"Del\u00e9ita tu paladar con esta gran receta: lomo de bacalao con c\u00edtricos y tomates cherrys confitados. \u00a1Entra y desc\u00fabrela!\" \/>\n<meta property=\"og:url\" content=\"https:\/\/corp.ametllerorigen.com\/es\/recetas\/pescado-y-marisco\/lomo-de-bacalao-con-citricos-y-tomates-cherry-confitados\/\" \/>\n<meta property=\"og:site_name\" content=\"Ametller Origen\" \/>\n<meta property=\"article:modified_time\" content=\"2023-01-23T17:40:24+00:00\" \/>\n<meta property=\"og:image\" content=\"https:\/\/corp.ametllerorigen.com\/wp-content\/uploads\/2021\/03\/receta-ametller-origen-lomo-de-bacalao-con-citricos-y-tomates-cherry-confitados.jpg\" \/>\n\t<meta property=\"og:image:width\" content=\"1200\" \/>\n\t<meta property=\"og:image:height\" content=\"901\" \/>\n\t<meta property=\"og:image:type\" content=\"image\/jpeg\" \/>\n<meta name=\"twitter:card\" content=\"summary_large_image\" \/>\n<script type=\"application\/ld+json\" class=\"yoast-schema-graph\">{\"@context\":\"https:\\\/\\\/schema.org\",\"@graph\":[{\"@type\":\"WebPage\",\"@id\":\"https:\\\/\\\/corp.ametllerorigen.com\\\/es\\\/recetas\\\/pescado-y-marisco\\\/lomo-de-bacalao-con-citricos-y-tomates-cherry-confitados\\\/\",\"url\":\"https:\\\/\\\/corp.ametllerorigen.com\\\/es\\\/recetas\\\/pescado-y-marisco\\\/lomo-de-bacalao-con-citricos-y-tomates-cherry-confitados\\\/\",\"name\":\"Lomo de bacalao con c\u00edtricos y tomates cherry confitados | Ametller Origen\",\"isPartOf\":{\"@id\":\"https:\\\/\\\/corp.ametllerorigen.com\\\/#website\"},\"primaryImageOfPage\":{\"@id\":\"https:\\\/\\\/corp.ametllerorigen.com\\\/es\\\/recetas\\\/pescado-y-marisco\\\/lomo-de-bacalao-con-citricos-y-tomates-cherry-confitados\\\/#primaryimage\"},\"image\":{\"@id\":\"https:\\\/\\\/corp.ametllerorigen.com\\\/es\\\/recetas\\\/pescado-y-marisco\\\/lomo-de-bacalao-con-citricos-y-tomates-cherry-confitados\\\/#primaryimage\"},\"thumbnailUrl\":\"https:\\\/\\\/corp.ametllerorigen.com\\\/wp-content\\\/uploads\\\/2021\\\/03\\\/receta-ametller-origen-lomo-de-bacalao-con-citricos-y-tomates-cherry-confitados.jpg\",\"datePublished\":\"2023-01-06T11:23:23+00:00\",\"dateModified\":\"2023-01-23T17:40:24+00:00\",\"description\":\"Del\u00e9ita tu paladar con esta gran receta: lomo de bacalao con c\u00edtricos y tomates cherrys confitados. \u00a1Entra y desc\u00fabrela!\",\"breadcrumb\":{\"@id\":\"https:\\\/\\\/corp.ametllerorigen.com\\\/es\\\/recetas\\\/pescado-y-marisco\\\/lomo-de-bacalao-con-citricos-y-tomates-cherry-confitados\\\/#breadcrumb\"},\"inLanguage\":\"es\",\"potentialAction\":[{\"@type\":\"ReadAction\",\"target\":[\"https:\\\/\\\/corp.ametllerorigen.com\\\/es\\\/recetas\\\/pescado-y-marisco\\\/lomo-de-bacalao-con-citricos-y-tomates-cherry-confitados\\\/\"]}]},{\"@type\":\"ImageObject\",\"inLanguage\":\"es\",\"@id\":\"https:\\\/\\\/corp.ametllerorigen.com\\\/es\\\/recetas\\\/pescado-y-marisco\\\/lomo-de-bacalao-con-citricos-y-tomates-cherry-confitados\\\/#primaryimage\",\"url\":\"https:\\\/\\\/corp.ametllerorigen.com\\\/wp-content\\\/uploads\\\/2021\\\/03\\\/receta-ametller-origen-lomo-de-bacalao-con-citricos-y-tomates-cherry-confitados.jpg\",\"contentUrl\":\"https:\\\/\\\/corp.ametllerorigen.com\\\/wp-content\\\/uploads\\\/2021\\\/03\\\/receta-ametller-origen-lomo-de-bacalao-con-citricos-y-tomates-cherry-confitados.jpg\",\"width\":1200,\"height\":901,\"caption\":\"receta ametller origen lomo de bacalao con c\u00edtricos y tomates cherry confitados\"},{\"@type\":\"BreadcrumbList\",\"@id\":\"https:\\\/\\\/corp.ametllerorigen.com\\\/es\\\/recetas\\\/pescado-y-marisco\\\/lomo-de-bacalao-con-citricos-y-tomates-cherry-confitados\\\/#breadcrumb\",\"itemListElement\":[{\"@type\":\"ListItem\",\"position\":1,\"name\":\"Inici\",\"item\":\"https:\\\/\\\/corp.ametllerorigen.com\\\/es\\\/home\\\/\"},{\"@type\":\"ListItem\",\"position\":2,\"name\":\"Receptes\",\"item\":\"https:\\\/\\\/corp.ametllerorigen.com\\\/es\\\/recetas\\\/\"},{\"@type\":\"ListItem\",\"position\":3,\"name\":\"Lomo de bacalao con c\u00edtricos y tomates cherry confitados\"}]},{\"@type\":\"WebSite\",\"@id\":\"https:\\\/\\\/corp.ametllerorigen.com\\\/#website\",\"url\":\"https:\\\/\\\/corp.ametllerorigen.com\\\/\",\"name\":\"Ametller Origen\",\"description\":\"Pensa com menges, menja com penses\",\"publisher\":{\"@id\":\"https:\\\/\\\/corp.ametllerorigen.com\\\/#organization\"},\"potentialAction\":[{\"@type\":\"SearchAction\",\"target\":{\"@type\":\"EntryPoint\",\"urlTemplate\":\"https:\\\/\\\/corp.ametllerorigen.com\\\/?s={search_term_string}\"},\"query-input\":{\"@type\":\"PropertyValueSpecification\",\"valueRequired\":true,\"valueName\":\"search_term_string\"}}],\"inLanguage\":\"es\"},{\"@type\":\"Organization\",\"@id\":\"https:\\\/\\\/corp.ametllerorigen.com\\\/#organization\",\"name\":\"Ametller Origen\",\"url\":\"https:\\\/\\\/corp.ametllerorigen.com\\\/\",\"logo\":{\"@type\":\"ImageObject\",\"inLanguage\":\"es\",\"@id\":\"https:\\\/\\\/corp.ametllerorigen.com\\\/#\\\/schema\\\/logo\\\/image\\\/\",\"url\":\"https:\\\/\\\/corp.ametllerorigen.com\\\/wp-content\\\/uploads\\\/2025\\\/09\\\/Favicon.svg\",\"contentUrl\":\"https:\\\/\\\/corp.ametllerorigen.com\\\/wp-content\\\/uploads\\\/2025\\\/09\\\/Favicon.svg\",\"caption\":\"Ametller Origen\"},\"image\":{\"@id\":\"https:\\\/\\\/corp.ametllerorigen.com\\\/#\\\/schema\\\/logo\\\/image\\\/\"}}]}<\/script>\n<!-- \/ Yoast SEO plugin. -->","yoast_head_json":{"title":"Lomo de bacalao con c\u00edtricos y tomates cherry confitados | Ametller Origen","description":"Del\u00e9ita tu paladar con esta gran receta: lomo de bacalao con c\u00edtricos y tomates cherrys confitados. \u00a1Entra y desc\u00fabrela!","robots":{"index":"index","follow":"follow","max-snippet":"max-snippet:-1","max-image-preview":"max-image-preview:large","max-video-preview":"max-video-preview:-1"},"canonical":"https:\/\/corp.ametllerorigen.com\/es\/recetas\/pescado-y-marisco\/lomo-de-bacalao-con-citricos-y-tomates-cherry-confitados\/","og_locale":"es_ES","og_type":"article","og_title":"Lomo de bacalao con c\u00edtricos y tomates cherry confitados | Ametller Origen","og_description":"Del\u00e9ita tu paladar con esta gran receta: lomo de bacalao con c\u00edtricos y tomates cherrys confitados. \u00a1Entra y desc\u00fabrela!","og_url":"https:\/\/corp.ametllerorigen.com\/es\/recetas\/pescado-y-marisco\/lomo-de-bacalao-con-citricos-y-tomates-cherry-confitados\/","og_site_name":"Ametller Origen","article_modified_time":"2023-01-23T17:40:24+00:00","og_image":[{"width":1200,"height":901,"url":"https:\/\/corp.ametllerorigen.com\/wp-content\/uploads\/2021\/03\/receta-ametller-origen-lomo-de-bacalao-con-citricos-y-tomates-cherry-confitados.jpg","type":"image\/jpeg"}],"twitter_card":"summary_large_image","schema":{"@context":"https:\/\/schema.org","@graph":[{"@type":"WebPage","@id":"https:\/\/corp.ametllerorigen.com\/es\/recetas\/pescado-y-marisco\/lomo-de-bacalao-con-citricos-y-tomates-cherry-confitados\/","url":"https:\/\/corp.ametllerorigen.com\/es\/recetas\/pescado-y-marisco\/lomo-de-bacalao-con-citricos-y-tomates-cherry-confitados\/","name":"Lomo de bacalao con c\u00edtricos y tomates cherry confitados | Ametller Origen","isPartOf":{"@id":"https:\/\/corp.ametllerorigen.com\/#website"},"primaryImageOfPage":{"@id":"https:\/\/corp.ametllerorigen.com\/es\/recetas\/pescado-y-marisco\/lomo-de-bacalao-con-citricos-y-tomates-cherry-confitados\/#primaryimage"},"image":{"@id":"https:\/\/corp.ametllerorigen.com\/es\/recetas\/pescado-y-marisco\/lomo-de-bacalao-con-citricos-y-tomates-cherry-confitados\/#primaryimage"},"thumbnailUrl":"https:\/\/corp.ametllerorigen.com\/wp-content\/uploads\/2021\/03\/receta-ametller-origen-lomo-de-bacalao-con-citricos-y-tomates-cherry-confitados.jpg","datePublished":"2023-01-06T11:23:23+00:00","dateModified":"2023-01-23T17:40:24+00:00","description":"Del\u00e9ita tu paladar con esta gran receta: lomo de bacalao con c\u00edtricos y tomates cherrys confitados. \u00a1Entra y desc\u00fabrela!","breadcrumb":{"@id":"https:\/\/corp.ametllerorigen.com\/es\/recetas\/pescado-y-marisco\/lomo-de-bacalao-con-citricos-y-tomates-cherry-confitados\/#breadcrumb"},"inLanguage":"es","potentialAction":[{"@type":"ReadAction","target":["https:\/\/corp.ametllerorigen.com\/es\/recetas\/pescado-y-marisco\/lomo-de-bacalao-con-citricos-y-tomates-cherry-confitados\/"]}]},{"@type":"ImageObject","inLanguage":"es","@id":"https:\/\/corp.ametllerorigen.com\/es\/recetas\/pescado-y-marisco\/lomo-de-bacalao-con-citricos-y-tomates-cherry-confitados\/#primaryimage","url":"https:\/\/corp.ametllerorigen.com\/wp-content\/uploads\/2021\/03\/receta-ametller-origen-lomo-de-bacalao-con-citricos-y-tomates-cherry-confitados.jpg","contentUrl":"https:\/\/corp.ametllerorigen.com\/wp-content\/uploads\/2021\/03\/receta-ametller-origen-lomo-de-bacalao-con-citricos-y-tomates-cherry-confitados.jpg","width":1200,"height":901,"caption":"receta ametller origen lomo de bacalao con c\u00edtricos y tomates cherry confitados"},{"@type":"BreadcrumbList","@id":"https:\/\/corp.ametllerorigen.com\/es\/recetas\/pescado-y-marisco\/lomo-de-bacalao-con-citricos-y-tomates-cherry-confitados\/#breadcrumb","itemListElement":[{"@type":"ListItem","position":1,"name":"Inici","item":"https:\/\/corp.ametllerorigen.com\/es\/home\/"},{"@type":"ListItem","position":2,"name":"Receptes","item":"https:\/\/corp.ametllerorigen.com\/es\/recetas\/"},{"@type":"ListItem","position":3,"name":"Lomo de bacalao con c\u00edtricos y tomates cherry confitados"}]},{"@type":"WebSite","@id":"https:\/\/corp.ametllerorigen.com\/#website","url":"https:\/\/corp.ametllerorigen.com\/","name":"Ametller Origen","description":"Pensa com menges, menja com penses","publisher":{"@id":"https:\/\/corp.ametllerorigen.com\/#organization"},"potentialAction":[{"@type":"SearchAction","target":{"@type":"EntryPoint","urlTemplate":"https:\/\/corp.ametllerorigen.com\/?s={search_term_string}"},"query-input":{"@type":"PropertyValueSpecification","valueRequired":true,"valueName":"search_term_string"}}],"inLanguage":"es"},{"@type":"Organization","@id":"https:\/\/corp.ametllerorigen.com\/#organization","name":"Ametller Origen","url":"https:\/\/corp.ametllerorigen.com\/","logo":{"@type":"ImageObject","inLanguage":"es","@id":"https:\/\/corp.ametllerorigen.com\/#\/schema\/logo\/image\/","url":"https:\/\/corp.ametllerorigen.com\/wp-content\/uploads\/2025\/09\/Favicon.svg","contentUrl":"https:\/\/corp.ametllerorigen.com\/wp-content\/uploads\/2025\/09\/Favicon.svg","caption":"Ametller Origen"},"image":{"@id":"https:\/\/corp.ametllerorigen.com\/#\/schema\/logo\/image\/"}}]}},"_links":{"self":[{"href":"https:\/\/corp.ametllerorigen.com\/es\/wp-json\/wp\/v2\/receptes\/993","targetHints":{"allow":["GET"]}}],"collection":[{"href":"https:\/\/corp.ametllerorigen.com\/es\/wp-json\/wp\/v2\/receptes"}],"about":[{"href":"https:\/\/corp.ametllerorigen.com\/es\/wp-json\/wp\/v2\/types\/receptes"}],"wp:featuredmedia":[{"embeddable":true,"href":"https:\/\/corp.ametllerorigen.com\/es\/wp-json\/wp\/v2\/media\/4137"}],"wp:attachment":[{"href":"https:\/\/corp.ametllerorigen.com\/es\/wp-json\/wp\/v2\/media?parent=993"}],"wp:term":[{"taxonomy":"categoria_recepta","embeddable":true,"href":"https:\/\/corp.ametllerorigen.com\/es\/wp-json\/wp\/v2\/categoria_recepta?post=993"},{"taxonomy":"etiquetes_receptes","embeddable":true,"href":"https:\/\/corp.ametllerorigen.com\/es\/wp-json\/wp\/v2\/etiquetes_receptes?post=993"},{"taxonomy":"temporada","embeddable":true,"href":"https:\/\/corp.ametllerorigen.com\/es\/wp-json\/wp\/v2\/temporada?post=993"}],"curies":[{"name":"wp","href":"https:\/\/api.w.org\/{rel}","templated":true}]}}